{"id":48620,"date":"2023-12-04T13:14:47","date_gmt":"2023-12-04T12:14:47","guid":{"rendered":"https:\/\/contemporaneaeventi.com\/?page_id=48620"},"modified":"2026-03-23T10:46:25","modified_gmt":"2026-03-23T09:46:25","slug":"stands-infarma","status":"publish","type":"page","link":"https:\/\/contemporaneaeventi.com\/es\/stands\/stands-infarma\/","title":{"rendered":"Exhibition Booth INFARMA"},"content":{"rendered":"<p>[vc_row disable_element=\u00bbyes\u00bb el_class=\u00bbedgtf-index-over\u00bb][vc_column]\n\t\t\t<!-- START INFARMAC 2024 REVOLUTION SLIDER 6.5.24 --><p class=\"rs-p-wp-fix\"><\/p>\n\t\t\t<rs-module-wrap id=\"rev_slider_38_1_wrapper\" data-source=\"gallery\" style=\"visibility:hidden;background:transparent;padding:0;\">\n\t\t\t\t<rs-module id=\"rev_slider_38_1\" style=\"\" data-version=\"6.5.24\">\n\t\t\t\t\t<rs-slides>\n\t\t\t\t\t\t<rs-slide style=\"position: absolute;\" data-key=\"rs-55\" data-title=\"Slide\" data-in=\"o:1;\" data-out=\"x:100%;\">\n\t\t\t\t\t\t\t<img decoding=\"async\" src=\"\/\/contemporaneaeventi.com\/wp-content\/plugins\/revslider\/public\/assets\/assets\/dummy.png\" alt=\"Slide\" title=\"Exhibition Booth INFARMA\" class=\"rev-slidebg tp-rs-img rs-lazyload\" data-lazyload=\"\/\/contemporaneaeventi.com\/wp-content\/plugins\/revslider\/public\/assets\/assets\/transparent.png\" data-parallax=\"off\" data-no-retina>\n<!--\n\t\t\t\t\t\t\t--><rs-layer\n\t\t\t\t\t\t\t\tid=\"slider-38-slide-55-layer-4\" \n\t\t\t\t\t\t\t\tdata-type=\"image\"\n\t\t\t\t\t\t\t\tdata-rsp_ch=\"on\"\n\t\t\t\t\t\t\t\tdata-xy=\"x:r;xo:15px,190px,50px,0;y:b;yo:237px,128px,320px,260px;\"\n\t\t\t\t\t\t\t\tdata-text=\"l:22;a:inherit;\"\n\t\t\t\t\t\t\t\tdata-dim=\"w:899px,500px,475px,300px;h:599px,334px,317px,200px;\"\n\t\t\t\t\t\t\t\tdata-rsp_o=\"off\"\n\t\t\t\t\t\t\t\tdata-frame_0=\"x:100%;o:1;\"\n\t\t\t\t\t\t\t\tdata-frame_0_mask=\"u:t;\"\n\t\t\t\t\t\t\t\tdata-frame_1=\"sp:1200;sR:10;\"\n\t\t\t\t\t\t\t\tdata-frame_1_mask=\"u:t;\"\n\t\t\t\t\t\t\t\tdata-frame_999=\"x:-100%;st:w;sp:1300;sR:2790;\"\n\t\t\t\t\t\t\t\tdata-frame_999_mask=\"u:t;\"\n\t\t\t\t\t\t\t\tstyle=\"z-index:10;\"\n\t\t\t\t\t\t\t><img decoding=\"async\" src=\"\/\/contemporaneaeventi.com\/wp-content\/plugins\/revslider\/public\/assets\/assets\/dummy.png\" alt=\"\" class=\"tp-rs-img rs-lazyload\" width=\"1500\" height=\"1000\" data-lazyload=\"\/\/contemporaneaeventi.com\/wp-content\/uploads\/2023\/12\/INFARMA.jpg\" data-no-retina> \n\t\t\t\t\t\t\t<\/rs-layer><!--\n\n\t\t\t\t\t\t\t--><rs-layer\n\t\t\t\t\t\t\t\tid=\"slider-38-slide-55-layer-6\" \n\t\t\t\t\t\t\t\tdata-type=\"image\"\n\t\t\t\t\t\t\t\tdata-rsp_ch=\"on\"\n\t\t\t\t\t\t\t\tdata-xy=\"x:r;xo:-55px,90px,-10px,-92px;y:b;yo:115px,73px,265px,31px;\"\n\t\t\t\t\t\t\t\tdata-text=\"l:22;a:inherit;\"\n\t\t\t\t\t\t\t\tdata-dim=\"w:446px,250px,238px,267px;h:764px,428px,408px,457px;\"\n\t\t\t\t\t\t\t\tdata-vbility=\"t,t,t,f\"\n\t\t\t\t\t\t\t\tdata-rsp_o=\"off\"\n\t\t\t\t\t\t\t\tdata-frame_0=\"x:100%;o:1;\"\n\t\t\t\t\t\t\t\tdata-frame_0_mask=\"u:t;\"\n\t\t\t\t\t\t\t\tdata-frame_1=\"sp:1500;sR:10;\"\n\t\t\t\t\t\t\t\tdata-frame_1_mask=\"u:t;\"\n\t\t\t\t\t\t\t\tdata-frame_999=\"st:w;sp:800;sR:2490;auto:true;\"\n\t\t\t\t\t\t\t\tdata-frame_999_mask=\"u:t;\"\n\t\t\t\t\t\t\t\tstyle=\"z-index:9;\"\n\t\t\t\t\t\t\t><img decoding=\"async\" src=\"\/\/contemporaneaeventi.com\/wp-content\/plugins\/revslider\/public\/assets\/assets\/dummy.png\" alt=\"\" class=\"tp-rs-img rs-lazyload\" data-lazyload=\"\/\/manon.qodeinteractive.com\/wp-content\/uploads\/2019\/01\/h1-slider1-img-2.jpg\" data-no-retina> \n\t\t\t\t\t\t\t<\/rs-layer><!--\n\n\t\t\t\t\t\t\t--><h1\n\t\t\t\t\t\t\t\tid=\"slider-38-slide-55-layer-16\" \n\t\t\t\t\t\t\t\tclass=\"rs-layer\"\n\t\t\t\t\t\t\t\tdata-type=\"text\"\n\t\t\t\t\t\t\t\tdata-xy=\"xo:-69px,25px,12px,1px;y:m,m,b,b;yo:-70px,-32px,214px,224px;\"\n\t\t\t\t\t\t\t\tdata-text=\"w:normal;s:93,76,50,30;l:93,76,50,30;fw:700;a:inherit;\"\n\t\t\t\t\t\t\t\tdata-dim=\"w:auto,722px,531.9929999999999px,100%;h:auto,81px,60.986999999999995px,auto;\"\n\t\t\t\t\t\t\t\tdata-rsp_o=\"off\"\n\t\t\t\t\t\t\t\tdata-rsp_bd=\"off\"\n\t\t\t\t\t\t\t\tdata-frame_0=\"x:-100%;o:1;\"\n\t\t\t\t\t\t\t\tdata-frame_0_mask=\"u:t;\"\n\t\t\t\t\t\t\t\tdata-frame_1=\"st:200;sp:1500;sR:200;\"\n\t\t\t\t\t\t\t\tdata-frame_1_mask=\"u:t;\"\n\t\t\t\t\t\t\t\tdata-frame_999=\"st:w;sp:1000;sR:2300;auto:true;\"\n\t\t\t\t\t\t\t\tdata-frame_999_mask=\"u:t;\"\n\t\t\t\t\t\t\t\tstyle=\"z-index:11;background-color:#EE1E24;font-family:'Oswald';text-transform:uppercase;\"\n\t\t\t\t\t\t\t>INFARMA 2024 \n\t\t\t\t\t\t\t<\/h1><!--\n\n\t\t\t\t\t\t\t--><h2\n\t\t\t\t\t\t\t\tid=\"slider-38-slide-55-layer-17\" \n\t\t\t\t\t\t\t\tclass=\"rs-layer rev-btn\"\n\t\t\t\t\t\t\t\tdata-type=\"text\"\n\t\t\t\t\t\t\t\tdata-xy=\"x:l,l,l,c;xo:-49px,27px,11px,2px;y:m;yo:29px,49px,194px,51px;\"\n\t\t\t\t\t\t\t\tdata-text=\"w:normal;s:22,18,16,15;l:60,50,40,21;fw:500,500,500,400;a:inherit,inherit,left,left;\"\n\t\t\t\t\t\t\t\tdata-dim=\"w:auto,auto,531.987px,100%;h:59px,auto,auto,auto;minh:0,none,none,none;\"\n\t\t\t\t\t\t\t\tdata-rsp_o=\"off\"\n\t\t\t\t\t\t\t\tdata-rsp_bd=\"off\"\n\t\t\t\t\t\t\t\tdata-padding=\"r:27,23,19,11;l:27,23,19,11;\"\n\t\t\t\t\t\t\t\tdata-border=\"boc:rgba(255,255,255,0.35);bow:1px,1px,1px,1px;\"\n\t\t\t\t\t\t\t\tdata-frame_0=\"x:-100%;o:1;\"\n\t\t\t\t\t\t\t\tdata-frame_0_mask=\"u:t;\"\n\t\t\t\t\t\t\t\tdata-frame_1=\"st:280;sp:1500;sR:280;\"\n\t\t\t\t\t\t\t\tdata-frame_1_mask=\"u:t;\"\n\t\t\t\t\t\t\t\tdata-frame_999=\"st:w;sp:1000;sR:2220;auto:true;\"\n\t\t\t\t\t\t\t\tdata-frame_999_mask=\"u:t;\"\n\t\t\t\t\t\t\t\tdata-frame_hover=\"bgc:#ee1e24;boc:rgba(255,255,255,0.35);bor:0px,0px,0px,0px;bow:1px,1px,1px,1px;oX:50;oY:50;sp:200;e:power1.inOut;\"\n\t\t\t\t\t\t\t\tstyle=\"z-index:12;background-color:#ee1e24;font-family:'Roboto';cursor:none;\"\n\t\t\t\t\t\t\t>booths for INFARMA 2024 \n\t\t\t\t\t\t\t<\/h2><!--\n\n\t\t\t\t\t\t\t--><rs-layer\n\t\t\t\t\t\t\t\tid=\"slider-38-slide-55-layer-18\" \n\t\t\t\t\t\t\t\tdata-type=\"image\"\n\t\t\t\t\t\t\t\tdata-rsp_ch=\"on\"\n\t\t\t\t\t\t\t\tdata-xy=\"x:c;xo:169px,131px,110px,-739px;y:b;yo:34px,18px,210px,-33px;\"\n\t\t\t\t\t\t\t\tdata-text=\"l:22;a:inherit;\"\n\t\t\t\t\t\t\t\tdata-dim=\"w:892px,500px,477px,550px;h:892px,500px,477px,550px;\"\n\t\t\t\t\t\t\t\tdata-vbility=\"t,t,t,f\"\n\t\t\t\t\t\t\t\tdata-frame_0=\"sX:0.8;sY:0.8;\"\n\t\t\t\t\t\t\t\tdata-frame_1=\"e:power4.out;st:300;sp:1200;sR:300;\"\n\t\t\t\t\t\t\t\tdata-frame_999=\"st:w;sp:500;sR:2500;auto:true;\"\n\t\t\t\t\t\t\t\tstyle=\"z-index:8;\"\n\t\t\t\t\t\t\t><img decoding=\"async\" src=\"\/\/contemporaneaeventi.com\/wp-content\/plugins\/revslider\/public\/assets\/assets\/dummy.png\" alt=\"\" class=\"tp-rs-img rs-lazyload\" data-lazyload=\"\/\/manon.qodeinteractive.com\/wp-content\/uploads\/2019\/01\/rev-h1-circle.png\" data-no-retina> \n\t\t\t\t\t\t\t<\/rs-layer><!--\n-->\t\t\t\t\t\t<\/rs-slide>\n\t\t\t\t\t<\/rs-slides>\n\t\t\t\t\t<rs-static-layers class=\"rs-stl-visible\"><!--\n\n\t\t\t\t\t\t\t--><rs-layer\n\t\t\t\t\t\t\t\tid=\"slider-38-slide-37-layer-14\" \n\t\t\t\t\t\t\t\tclass=\"rs-layer-static\"\n\t\t\t\t\t\t\t\tdata-type=\"text\"\n\t\t\t\t\t\t\t\tdata-color=\"#000000\"\n\t\t\t\t\t\t\t\tdata-rsp_ch=\"on\"\n\t\t\t\t\t\t\t\tdata-xy=\"xo:80px,80px,60px,20px;y:b;yo:75px,75px,10px,10px;\"\n\t\t\t\t\t\t\t\tdata-text=\"w:normal;s:14;a:inherit;\"\n\t\t\t\t\t\t\t\tdata-dim=\"w:82px;h:114px;\"\n\t\t\t\t\t\t\t\tdata-vbility=\"t,t,f,f\"\n\t\t\t\t\t\t\t\tdata-actions='o:click;a:scrollbelow;d:100;sp:1000;e:power1.inOut;'\n\t\t\t\t\t\t\t\tdata-basealign=\"slide\"\n\t\t\t\t\t\t\t\tdata-onslides=\"s:1;\"\n\t\t\t\t\t\t\t\tdata-frame_0=\"y:50px;rZ:-90;\"\n\t\t\t\t\t\t\t\tdata-frame_1=\"rZ:-90;e:power2.inOut;st:1200;sp:800;sR:1200;\"\n\t\t\t\t\t\t\t\tdata-frame_999=\"o:0;st:w;sR:2000;\"\n\t\t\t\t\t\t\t\tstyle=\"z-index:10;font-family:'Open Sans';\"\n\t\t\t\t\t\t\t>Scroll down \n\t\t\t\t\t\t\t<\/rs-layer><!--\n\n\t\t\t\t\t\t\t--><rs-layer\n\t\t\t\t\t\t\t\tid=\"slider-38-slide-37-layer-15\" \n\t\t\t\t\t\t\t\tclass=\"tp-shape tp-shapewrapper rs-layer-static\"\n\t\t\t\t\t\t\t\tdata-type=\"shape\"\n\t\t\t\t\t\t\t\tdata-rsp_ch=\"on\"\n\t\t\t\t\t\t\t\tdata-xy=\"xo:78px,78px,58px,18px;y:b;yo:180px,180px,115px,115px;\"\n\t\t\t\t\t\t\t\tdata-text=\"w:normal;a:inherit;\"\n\t\t\t\t\t\t\t\tdata-dim=\"w:1px;h:90px;\"\n\t\t\t\t\t\t\t\tdata-vbility=\"t,t,f,f\"\n\t\t\t\t\t\t\t\tdata-basealign=\"slide\"\n\t\t\t\t\t\t\t\tdata-onslides=\"s:1;\"\n\t\t\t\t\t\t\t\tdata-frame_0=\"y:50px;\"\n\t\t\t\t\t\t\t\tdata-frame_1=\"e:power2.inOut;st:1200;sp:800;sR:1200;\"\n\t\t\t\t\t\t\t\tdata-frame_999=\"o:0;st:w;sR:2000;\"\n\t\t\t\t\t\t\t\tstyle=\"z-index:11;background-color:#000000;\"\n\t\t\t\t\t\t\t> \n\t\t\t\t\t\t\t<\/rs-layer><!--\n\n\t\t\t\t\t\t\t--><rs-layer\n\t\t\t\t\t\t\t\tid=\"slider-38-slide-37-layer-16\" \n\t\t\t\t\t\t\t\tclass=\"rs-layer-static\"\n\t\t\t\t\t\t\t\tdata-type=\"image\"\n\t\t\t\t\t\t\t\tdata-rsp_ch=\"on\"\n\t\t\t\t\t\t\t\tdata-xy=\"x:c;xo:169px,161px,110px,-739px;y:b;yo:34px,0,140px,-33px;\"\n\t\t\t\t\t\t\t\tdata-text=\"l:22;a:inherit;\"\n\t\t\t\t\t\t\t\tdata-dim=\"w:892px,500px,500px,550px;h:892px,500px,500px,550px;\"\n\t\t\t\t\t\t\t\tdata-vbility=\"f,f,f,f\"\n\t\t\t\t\t\t\t\tdata-onslides=\"s:1;\"\n\t\t\t\t\t\t\t\tdata-frame_0=\"sX:0.8;sY:0.8;\"\n\t\t\t\t\t\t\t\tdata-frame_1=\"e:power4.out;st:220;sp:1200;sR:220;\"\n\t\t\t\t\t\t\t\tdata-frame_999=\"e:nothing;st:w;sp:1000;sR:2580;\"\n\t\t\t\t\t\t\t\tstyle=\"z-index:12;\"\n\t\t\t\t\t\t\t><img decoding=\"async\" src=\"\/\/contemporaneaeventi.com\/wp-content\/plugins\/revslider\/public\/assets\/assets\/dummy.png\" alt=\"\" class=\"tp-rs-img rs-lazyload\" data-lazyload=\"\" data-no-retina> \n\t\t\t\t\t\t\t<\/rs-layer><!--\n\t\t\t\t\t--><\/rs-static-layers>\n\t\t\t\t<\/rs-module>\n\t\t\t\t<script>\n\t\t\t\t\tsetREVStartSize({c: 'rev_slider_38_1',rl:[1920,1720,1030,480],el:[1009.99,629.994,767.999,500],gw:[1300,1100,600,300],gh:[1010,630,768,500],type:'standard',justify:'',layout:'fullscreen',offsetContainer:'',offset:'',mh:\"0\"});if (window.RS_MODULES!==undefined && window.RS_MODULES.modules!==undefined && window.RS_MODULES.modules[\"revslider381\"]!==undefined) {window.RS_MODULES.modules[\"revslider381\"].once = false;window.revapi38 = undefined;if (window.RS_MODULES.checkMinimal!==undefined) window.RS_MODULES.checkMinimal()}\n\t\t\t\t<\/script>\n\t\t\t<\/rs-module-wrap>\n\t\t\t<!-- END REVOLUTION SLIDER -->\n[\/vc_column][\/vc_row][vc_row disable_element=\u00bbyes\u00bb row_content_width=\u00bbgrid\u00bb][vc_column][vc_empty_space height=\u00bb50px\u00bb]<div class=\"edgtf-section-title-holder  edgtf-st-standard edgtf-st-title-left edgtf-st-normal-space \" >\n\t<div class=\"edgtf-st-inner\">\n\t\t\t\t\t<h2 class=\"edgtf-st-title\" >\n\t\t\t\tEXHIBITION BOOTHS FOR<br \/> INFARMA 2024 \u2013 CONTEMPORANEA EVENTI\t\t\t<\/h2>\n\t\t\t\t\t<\/div>\n<\/div>[vc_empty_space height=\u00bb50px\u00bb][vc_empty_space][vc_column_text]<\/p>\n<h3>CONTEMPORANEA EVENTI AND INFARMA<\/h3>\n<p>What do you need to set up your designer booth at INFARMA?<\/p>\n<p>Infarma is the European Pharmacy Meeting that integrates the European Pharmacies Conference and Medicine and Parapharmacy Exhibition.<\/p>\n<p>Three days to meet all the agents in the pharmacy sector in one place, with the common goal of offering solutions and advice to the more than 30,000 professional attendees who visit Infarma every year.[\/vc_column_text][vc_empty_space][vc_column_text]<\/p>\n<h3>Request information without obligation for your booth at INFARMA.<\/h3>\n<p>Fill out the form below and we will let you know how to participate in INFARMA, having a Deep impact in one of the most powerful industries around the world with an amazing designer exhibition booth.[\/vc_column_text][vc_empty_space][vc_column_text css=\u00bb.vc_custom_1672135943797{padding-top: 20px !important;padding-right: 20px !important;padding-bottom: 20px !important;padding-left: 20px !important;background-color: #efefef !important;}\u00bb]<script type=\"text\/javascript\" src=\"https:\/\/mautictool.contemporaneaeventi.com\/form\/generate.js?id=2\"><\/script>[\/vc_column_text][vc_empty_space][\/vc_column][\/vc_row][vc_row disable_element=\u00bbyes\u00bb row_content_width=\u00bbgrid\u00bb][vc_column][vc_empty_space][vc_empty_space][vc_column_text]<\/p>\n<h3>Contemporanea Eventi design exhibition booths<\/h3>\n<p>[\/vc_column_text][vc_empty_space]<div class=\"edgtf-portfolio-list-holder edgtf-grid-list edgtf-pl-gallery edgtf-three-columns edgtf-no-space edgtf-disable-bottom-space edgtf-pl-gallery-overlay    edgtf-pl-pag-no-pagination        \"  data-type=gallery data-number-of-columns=three data-space-between-items=no data-number-of-items=6 data-image-proportions=square data-enable-fixed-proportions=no data-enable-image-shadow=no data-category=stands data-orderby=rand data-order=ASC data-item-style=gallery-overlay data-inverted=no data-enable-title=yes data-title-tag=h6 data-enable-category=no data-enable-count-images=yes data-enable-excerpt=no data-excerpt-length=20 data-pagination-type=no-pagination data-filter=no data-filter-order-by=name data-enable-article-animation=no data-enable-parallax-scrolling=no data-portfolio-slider-on=no data-enable-loop=yes data-enable-autoplay=yes data-enable-scroll=yes data-slider-speed=5000 data-slider-speed-animation=600 data-enable-navigation=yes data-enable-pagination=yes data-enable-more-link=no data-more-link-text=Seemore data-break-more-link=yes data-max-num-pages=18 data-next-page=2>\n\t\t<div class=\"edgtf-pl-inner edgtf-outer-space  clearfix\">\n\t\t    <article class=\"edgtf-pl-item edgtf-item-space  post-41760 portfolio-item type-portfolio-item status-publish has-post-thumbnail hentry portfolio-category-mwc-es portfolio-category-stands-es\" >\n\n    <div class=\"edgtf-pl-item-inner \">\n\t\t\n<div class=\"edgtf-pli-image\">\n\t<img loading=\"lazy\" decoding=\"async\" width=\"650\" height=\"650\" src=\"https:\/\/contemporaneaeventi.com\/wp-content\/uploads\/2022\/11\/stand-alcatel-mwc-2014-contemporaneaeventi-2-1-650x650.jpg\" class=\"attachment-manon_edge_image_square size-manon_edge_image_square wp-post-image\" alt=\"\" srcset=\"https:\/\/contemporaneaeventi.com\/wp-content\/uploads\/2022\/11\/stand-alcatel-mwc-2014-contemporaneaeventi-2-1-650x650.jpg 650w, https:\/\/contemporaneaeventi.com\/wp-content\/uploads\/2022\/11\/stand-alcatel-mwc-2014-contemporaneaeventi-2-1-150x150.jpg 150w\" sizes=\"auto, (max-width: 650px) 100vw, 650px\" \/>    <\/div>\t<div class=\"edgtf-pli-text-holder\">\n\t\t<div class=\"edgtf-pli-text-wrapper\">\n\t\t\t<div class=\"edgtf-pli-text\">\n\t\t\t\t    <h6 itemprop=\"name\" class=\"edgtf-pli-title entry-title\" >\n        <a itemprop=\"url\" href=\"https:\/\/contemporaneaeventi.com\/es\/portfolio-item\/alcatel-2\/\" target=\"_self\">\n            Alcatel        <\/a>\n\t<\/h6>\n\n\t\t\t\t\n\t\t\t\t\t\t\t\t\n\t\t\t\t\t\t\t\t\n\t\t\t\t\n\t\t\t\t<a itemprop=\"url\" class=\"edgtf-pli-link edgtf-block-drag-link\" href=\"https:\/\/contemporaneaeventi.com\/es\/portfolio-item\/alcatel-2\/\" target=\"_self\"><\/a>\n\t\t\t<\/div>\n\t\t<\/div>\n\t<\/div>\n    <\/div>\n\n    <\/article>\n    <article class=\"edgtf-pl-item edgtf-item-space  post-43308 portfolio-item type-portfolio-item status-publish has-post-thumbnail hentry portfolio-category-mwc-es portfolio-category-stands-es\" >\n\n    <div class=\"edgtf-pl-item-inner \">\n\t\t\n<div class=\"edgtf-pli-image\">\n\t<img loading=\"lazy\" decoding=\"async\" width=\"650\" height=\"650\" src=\"https:\/\/contemporaneaeventi.com\/wp-content\/uploads\/2023\/03\/Lleida-MWC2023-02-650x650.jpg\" class=\"attachment-manon_edge_image_square size-manon_edge_image_square wp-post-image\" alt=\"\" srcset=\"https:\/\/contemporaneaeventi.com\/wp-content\/uploads\/2023\/03\/Lleida-MWC2023-02-650x650.jpg 650w, https:\/\/contemporaneaeventi.com\/wp-content\/uploads\/2023\/03\/Lleida-MWC2023-02-150x150.jpg 150w\" sizes=\"auto, (max-width: 650px) 100vw, 650px\" \/>    <\/div>\t<div class=\"edgtf-pli-text-holder\">\n\t\t<div class=\"edgtf-pli-text-wrapper\">\n\t\t\t<div class=\"edgtf-pli-text\">\n\t\t\t\t    <h6 itemprop=\"name\" class=\"edgtf-pli-title entry-title\" >\n        <a itemprop=\"url\" href=\"https:\/\/contemporaneaeventi.com\/es\/portfolio-item\/lleida-3\/\" target=\"_self\">\n            Lleida        <\/a>\n\t<\/h6>\n\n\t\t\t\t\n\t\t\t\t\t\t\t\t\n\t\t\t\t\t\t\t\t\n\t\t\t\t\n\t\t\t\t<a itemprop=\"url\" class=\"edgtf-pli-link edgtf-block-drag-link\" href=\"https:\/\/contemporaneaeventi.com\/es\/portfolio-item\/lleida-3\/\" target=\"_self\"><\/a>\n\t\t\t<\/div>\n\t\t<\/div>\n\t<\/div>\n    <\/div>\n\n    <\/article>\n    <article class=\"edgtf-pl-item edgtf-item-space  post-41751 portfolio-item type-portfolio-item status-publish has-post-thumbnail hentry portfolio-category-ciudad-inteligente portfolio-category-stands-es\" >\n\n    <div class=\"edgtf-pl-item-inner \">\n\t\t\n<div class=\"edgtf-pli-image\">\n\t<img loading=\"lazy\" decoding=\"async\" width=\"650\" height=\"650\" src=\"https:\/\/contemporaneaeventi.com\/wp-content\/uploads\/2022\/11\/WhatsApp-Image-2022-11-14-at-20.59.55-650x650.jpeg\" class=\"attachment-manon_edge_image_square size-manon_edge_image_square wp-post-image\" alt=\"\" srcset=\"https:\/\/contemporaneaeventi.com\/wp-content\/uploads\/2022\/11\/WhatsApp-Image-2022-11-14-at-20.59.55-650x650.jpeg 650w, https:\/\/contemporaneaeventi.com\/wp-content\/uploads\/2022\/11\/WhatsApp-Image-2022-11-14-at-20.59.55-150x150.jpeg 150w\" sizes=\"auto, (max-width: 650px) 100vw, 650px\" \/>    <\/div>\t<div class=\"edgtf-pli-text-holder\">\n\t\t<div class=\"edgtf-pli-text-wrapper\">\n\t\t\t<div class=\"edgtf-pli-text\">\n\t\t\t\t    <h6 itemprop=\"name\" class=\"edgtf-pli-title entry-title\" >\n        <a itemprop=\"url\" href=\"https:\/\/contemporaneaeventi.com\/es\/portfolio-item\/seoul\/\" target=\"_self\">\n            SEOUL        <\/a>\n\t<\/h6>\n\n\t\t\t\t\n\t\t\t\t\t\t\t\t\n\t\t\t\t\t\t\t\t\n\t\t\t\t\n\t\t\t\t<a itemprop=\"url\" class=\"edgtf-pli-link edgtf-block-drag-link\" href=\"https:\/\/contemporaneaeventi.com\/es\/portfolio-item\/seoul\/\" target=\"_self\"><\/a>\n\t\t\t<\/div>\n\t\t<\/div>\n\t<\/div>\n    <\/div>\n\n    <\/article>\n    <article class=\"edgtf-pl-item edgtf-item-space  post-43089 portfolio-item type-portfolio-item status-publish has-post-thumbnail hentry portfolio-category-mwc-es portfolio-category-stands-es\" >\n\n    <div class=\"edgtf-pl-item-inner \">\n\t\t\n<div class=\"edgtf-pli-image\">\n\t<img loading=\"lazy\" decoding=\"async\" width=\"650\" height=\"650\" src=\"https:\/\/contemporaneaeventi.com\/wp-content\/uploads\/2023\/03\/dtone-MWC2023-650x650.jpg\" class=\"attachment-manon_edge_image_square size-manon_edge_image_square wp-post-image\" alt=\"\" srcset=\"https:\/\/contemporaneaeventi.com\/wp-content\/uploads\/2023\/03\/dtone-MWC2023-650x650.jpg 650w, https:\/\/contemporaneaeventi.com\/wp-content\/uploads\/2023\/03\/dtone-MWC2023-150x150.jpg 150w\" sizes=\"auto, (max-width: 650px) 100vw, 650px\" \/>    <\/div>\t<div class=\"edgtf-pli-text-holder\">\n\t\t<div class=\"edgtf-pli-text-wrapper\">\n\t\t\t<div class=\"edgtf-pli-text\">\n\t\t\t\t    <h6 itemprop=\"name\" class=\"edgtf-pli-title entry-title\" >\n        <a itemprop=\"url\" href=\"https:\/\/contemporaneaeventi.com\/es\/portfolio-item\/dt-one\/\" target=\"_self\">\n            DT One        <\/a>\n\t<\/h6>\n\n\t\t\t\t\n\t\t\t\t\t\t\t\t\n\t\t\t\t\t\t\t\t\n\t\t\t\t\n\t\t\t\t<a itemprop=\"url\" class=\"edgtf-pli-link edgtf-block-drag-link\" href=\"https:\/\/contemporaneaeventi.com\/es\/portfolio-item\/dt-one\/\" target=\"_self\"><\/a>\n\t\t\t<\/div>\n\t\t<\/div>\n\t<\/div>\n    <\/div>\n\n    <\/article>\n    <article class=\"edgtf-pl-item edgtf-item-space  post-41704 portfolio-item type-portfolio-item status-publish has-post-thumbnail hentry portfolio-category-itma-es portfolio-category-stands-es\" >\n\n    <div class=\"edgtf-pl-item-inner \">\n\t\t\n<div class=\"edgtf-pli-image\">\n\t<img loading=\"lazy\" decoding=\"async\" width=\"650\" height=\"650\" src=\"https:\/\/contemporaneaeventi.com\/wp-content\/uploads\/2022\/11\/stand-antex-itma-contemporanea-eventi-1-650x650.jpeg\" class=\"attachment-manon_edge_image_square size-manon_edge_image_square wp-post-image\" alt=\"\" srcset=\"https:\/\/contemporaneaeventi.com\/wp-content\/uploads\/2022\/11\/stand-antex-itma-contemporanea-eventi-1-650x650.jpeg 650w, https:\/\/contemporaneaeventi.com\/wp-content\/uploads\/2022\/11\/stand-antex-itma-contemporanea-eventi-1-150x150.jpeg 150w\" sizes=\"auto, (max-width: 650px) 100vw, 650px\" \/>    <\/div>\t<div class=\"edgtf-pli-text-holder\">\n\t\t<div class=\"edgtf-pli-text-wrapper\">\n\t\t\t<div class=\"edgtf-pli-text\">\n\t\t\t\t    <h6 itemprop=\"name\" class=\"edgtf-pli-title entry-title\" >\n        <a itemprop=\"url\" href=\"https:\/\/contemporaneaeventi.com\/es\/portfolio-item\/antex\/\" target=\"_self\">\n            Antex        <\/a>\n\t<\/h6>\n\n\t\t\t\t\n\t\t\t\t\t\t\t\t\n\t\t\t\t\t\t\t\t\n\t\t\t\t\n\t\t\t\t<a itemprop=\"url\" class=\"edgtf-pli-link edgtf-block-drag-link\" href=\"https:\/\/contemporaneaeventi.com\/es\/portfolio-item\/antex\/\" target=\"_self\"><\/a>\n\t\t\t<\/div>\n\t\t<\/div>\n\t<\/div>\n    <\/div>\n\n    <\/article>\n    <article class=\"edgtf-pl-item edgtf-item-space  post-41722 portfolio-item type-portfolio-item status-publish has-post-thumbnail hentry portfolio-category-matelec-es portfolio-category-stands-es\" >\n\n    <div class=\"edgtf-pl-item-inner \">\n\t\t\n<div class=\"edgtf-pli-image\">\n\t<img loading=\"lazy\" decoding=\"async\" width=\"650\" height=\"650\" src=\"https:\/\/contemporaneaeventi.com\/wp-content\/uploads\/2022\/11\/PHOTO-2022-11-14-19-27-48-2-650x650.jpg\" class=\"attachment-manon_edge_image_square size-manon_edge_image_square wp-post-image\" alt=\"\" srcset=\"https:\/\/contemporaneaeventi.com\/wp-content\/uploads\/2022\/11\/PHOTO-2022-11-14-19-27-48-2-650x650.jpg 650w, https:\/\/contemporaneaeventi.com\/wp-content\/uploads\/2022\/11\/PHOTO-2022-11-14-19-27-48-2-150x150.jpg 150w, https:\/\/contemporaneaeventi.com\/wp-content\/uploads\/2022\/11\/PHOTO-2022-11-14-19-27-48-2-1300x1300.jpg 1300w\" sizes=\"auto, (max-width: 650px) 100vw, 650px\" \/>    <\/div>\t<div class=\"edgtf-pli-text-holder\">\n\t\t<div class=\"edgtf-pli-text-wrapper\">\n\t\t\t<div class=\"edgtf-pli-text\">\n\t\t\t\t    <h6 itemprop=\"name\" class=\"edgtf-pli-title entry-title\" >\n        <a itemprop=\"url\" href=\"https:\/\/contemporaneaeventi.com\/es\/portfolio-item\/tt-cables\/\" target=\"_self\">\n            TT CABLES        <\/a>\n\t<\/h6>\n\n\t\t\t\t\n\t\t\t\t\t\t\t\t\n\t\t\t\t\t\t\t\t\n\t\t\t\t\n\t\t\t\t<a itemprop=\"url\" class=\"edgtf-pli-link edgtf-block-drag-link\" href=\"https:\/\/contemporaneaeventi.com\/es\/portfolio-item\/tt-cables\/\" target=\"_self\"><\/a>\n\t\t\t<\/div>\n\t\t<\/div>\n\t<\/div>\n    <\/div>\n\n    <\/article>\n\t<\/div>\n\t\n\t\n    <\/div>\n[\/vc_column][\/vc_row][vc_row disable_element=\u00bbyes\u00bb row_content_width=\u00bbgrid\u00bb][vc_column][vc_empty_space][vc_empty_space][vc_column_text]<\/p>\n<h3>Would you like to know more about INFARMA 2024 and Contemporanea Eventi?<\/h3>\n<p>[\/vc_column_text][vc_empty_space]<div class=\"edgtf-blog-list-holder edgtf-grid-list edgtf-bl-standard edgtf-three-columns edgtf-disable-bottom-space edgtf-huge-space edgtf-bl-pag-no-pagination\"  data-type=standard data-number-of-posts=3 data-number-of-columns=three data-space-between-items=huge data-category=fairs data-orderby=rand data-order=DESC data-image-size=full data-title-tag=h4 data-excerpt-length=40 data-post-info-section=yes data-post-info-image=yes data-post-info-author=yes data-post-info-date=yes data-post-info-category=yes data-post-info-comments=no data-post-info-like=no data-post-info-share=no data-pagination-type=no-pagination data-max-num-pages=19 data-next-page=2>\n\t<div class=\"edgtf-bl-wrapper edgtf-outer-space\">\n\t\t<ul class=\"edgtf-blog-list\">\n\t\t\t<li class=\"edgtf-bl-item edgtf-item-space\">\n\t<div class=\"edgtf-bli-inner\">\n\t\t\n\t<div class=\"edgtf-post-image\">\n\t\t\t\t\t<a itemprop=\"url\" href=\"https:\/\/contemporaneaeventi.com\/es\/negocio-digital-eshow-ifema-madrid\/\" title=\"Dise\u00f1o de stands: eShow de IFEMA Madrid\">\n\t\t\t\t\t<img loading=\"lazy\" decoding=\"async\" width=\"620\" height=\"350\" src=\"https:\/\/contemporaneaeventi.com\/wp-content\/uploads\/2016\/07\/eshow.webp\" class=\"attachment-full size-full wp-post-image\" alt=\"\" srcset=\"https:\/\/contemporaneaeventi.com\/wp-content\/uploads\/2016\/07\/eshow.webp 620w, https:\/\/contemporaneaeventi.com\/wp-content\/uploads\/2016\/07\/eshow-300x169.webp 300w\" sizes=\"auto, (max-width: 620px) 100vw, 620px\" \/>\t\t\t\t\t<\/a>\n\t\t\t\t\t<\/div>\n        <div class=\"edgtf-bli-content\">\n                            <div class=\"edgtf-bli-info\">\n\t                <div itemprop=\"dateCreated\" class=\"edgtf-post-info-date entry-date published updated\">\n            <a itemprop=\"url\" href=\"https:\/\/contemporaneaeventi.com\/es\/2016\/07\/\">\n    \n        13 de julio de 2016        <\/a>\n    <meta itemprop=\"interactionCount\" content=\"UserComments: 0\"\/>\n<\/div><div class=\"edgtf-post-info-category\">\n    <a href=\"https:\/\/contemporaneaeventi.com\/es\/categoria\/ferias\/\" rel=\"category tag\">Ferias<\/a><\/div><div class=\"edgtf-post-info-author\">\n    <span class=\"edgtf-post-info-author-text\">\n        By    <\/span>\n    <a itemprop=\"author\" class=\"edgtf-post-info-author-link\" href=\"https:\/\/contemporaneaeventi.com\/es\/author\/eventi\/\">\n        eventi    <\/a>\n<\/div>                <\/div>\n            \t\n\t        \n<h4 itemprop=\"name\" class=\"entry-title edgtf-post-title\" >\n            <a itemprop=\"url\" href=\"https:\/\/contemporaneaeventi.com\/es\/negocio-digital-eshow-ifema-madrid\/\" title=\"Dise\u00f1o de stands: eShow de IFEMA Madrid\">\n            Dise\u00f1o de stands: eShow de IFEMA Madrid            <\/a>\n    <\/h4>\t\n\t        <div class=\"edgtf-bli-excerpt\">\n\t\t        \t\t<div class=\"edgtf-post-excerpt-holder\">\n\t\t\t<p itemprop=\"description\" class=\"edgtf-post-excerpt\">\n\t\t\t\tEl evento internacional para transformar tu empresa en un negocio digital vuelve a Madrid. Despu\u00e9s de pasar por Barcelona, la s\u00e9ptima edici\u00f3n del eShow regresa a IFEMA del\u00a021 al 22 de septiembre.\r\nLa feria muestra las \u00faltimas novedades y tendencias de\t\t\t<\/p>\n\t\t<\/div>\n\t\t\t        \t<div class=\"edgtf-post-read-more-button\">\n\t\t<a itemprop=\"url\" href=\"https:\/\/contemporaneaeventi.com\/es\/negocio-digital-eshow-ifema-madrid\/\" target=\"_self\"  class=\"edgtf-btn edgtf-btn-medium edgtf-btn-simple edgtf-blog-list-button\" data-move=\"strict\" data-text=\"Leer m\u00e1s\" >    <span class=\"edgtf-btn-text\">Leer m\u00e1s<\/span>    <\/a>\t<\/div>\n\t        <\/div>\n        <\/div>\n\t<\/div>\n<\/li><li class=\"edgtf-bl-item edgtf-item-space\">\n\t<div class=\"edgtf-bli-inner\">\n\t\t\n\t<div class=\"edgtf-post-image\">\n\t\t\t\t\t<a itemprop=\"url\" href=\"https:\/\/contemporaneaeventi.com\/es\/razones-stand-construmat\/\" title=\"5 razones por las que participar en la feria Construmat 2023\">\n\t\t\t\t\t<img loading=\"lazy\" decoding=\"async\" width=\"1920\" height=\"1080\" src=\"https:\/\/contemporaneaeventi.com\/wp-content\/uploads\/2023\/02\/construmat-contemporanea-eventi.jpg\" class=\"attachment-full size-full wp-post-image\" alt=\"\" srcset=\"https:\/\/contemporaneaeventi.com\/wp-content\/uploads\/2023\/02\/construmat-contemporanea-eventi.jpg 1920w, https:\/\/contemporaneaeventi.com\/wp-content\/uploads\/2023\/02\/construmat-contemporanea-eventi-300x169.jpg 300w, https:\/\/contemporaneaeventi.com\/wp-content\/uploads\/2023\/02\/construmat-contemporanea-eventi-1024x576.jpg 1024w, https:\/\/contemporaneaeventi.com\/wp-content\/uploads\/2023\/02\/construmat-contemporanea-eventi-768x432.jpg 768w, https:\/\/contemporaneaeventi.com\/wp-content\/uploads\/2023\/02\/construmat-contemporanea-eventi-1536x864.jpg 1536w\" sizes=\"auto, (max-width: 1920px) 100vw, 1920px\" \/>\t\t\t\t\t<\/a>\n\t\t\t\t\t<\/div>\n        <div class=\"edgtf-bli-content\">\n                            <div class=\"edgtf-bli-info\">\n\t                <div itemprop=\"dateCreated\" class=\"edgtf-post-info-date entry-date published updated\">\n            <a itemprop=\"url\" href=\"https:\/\/contemporaneaeventi.com\/es\/2023\/02\/\">\n    \n        21 de febrero de 2023        <\/a>\n    <meta itemprop=\"interactionCount\" content=\"UserComments: 0\"\/>\n<\/div><div class=\"edgtf-post-info-category\">\n    <a href=\"https:\/\/contemporaneaeventi.com\/es\/categoria\/ferias\/\" rel=\"category tag\">Ferias<\/a><\/div><div class=\"edgtf-post-info-author\">\n    <span class=\"edgtf-post-info-author-text\">\n        By    <\/span>\n    <a itemprop=\"author\" class=\"edgtf-post-info-author-link\" href=\"https:\/\/contemporaneaeventi.com\/es\/author\/eventi\/\">\n        eventi    <\/a>\n<\/div>                <\/div>\n            \t\n\t        \n<h4 itemprop=\"name\" class=\"entry-title edgtf-post-title\" >\n            <a itemprop=\"url\" href=\"https:\/\/contemporaneaeventi.com\/es\/razones-stand-construmat\/\" title=\"5 razones por las que participar en la feria Construmat 2023\">\n            5 razones por las que participar en la feria Construmat 2023            <\/a>\n    <\/h4>\t\n\t        <div class=\"edgtf-bli-excerpt\">\n\t\t        \t\t<div class=\"edgtf-post-excerpt-holder\">\n\t\t\t<p itemprop=\"description\" class=\"edgtf-post-excerpt\">\n\t\t\t\t\r\nEl pr\u00f3ximo 23 y hasta el 25 de mayo, Fira Barcelona se viste de gala para acoger la 22\u00ba edici\u00f3n de Barcelona Building Construmat, uno de los principales eventos feriales del calendario internacional y que cada dos a\u00f1os re\u00fane en\t\t\t<\/p>\n\t\t<\/div>\n\t\t\t        \t<div class=\"edgtf-post-read-more-button\">\n\t\t<a itemprop=\"url\" href=\"https:\/\/contemporaneaeventi.com\/es\/razones-stand-construmat\/\" target=\"_self\"  class=\"edgtf-btn edgtf-btn-medium edgtf-btn-simple edgtf-blog-list-button\" data-move=\"strict\" data-text=\"Leer m\u00e1s\" >    <span class=\"edgtf-btn-text\">Leer m\u00e1s<\/span>    <\/a>\t<\/div>\n\t        <\/div>\n        <\/div>\n\t<\/div>\n<\/li><li class=\"edgtf-bl-item edgtf-item-space\">\n\t<div class=\"edgtf-bli-inner\">\n\t\t\n\t<div class=\"edgtf-post-image\">\n\t\t\t\t\t<a itemprop=\"url\" href=\"https:\/\/contemporaneaeventi.com\/es\/stand-sil-barcelona-2023\/\" title=\"Exhibe tu stand en SIL Barcelona 2023: el mayor encuentro de log\u00edstica mundial\">\n\t\t\t\t\t<img loading=\"lazy\" decoding=\"async\" width=\"1000\" height=\"666\" src=\"https:\/\/contemporaneaeventi.com\/wp-content\/uploads\/2023\/02\/SIL2023.jpg\" class=\"attachment-full size-full wp-post-image\" alt=\"\" srcset=\"https:\/\/contemporaneaeventi.com\/wp-content\/uploads\/2023\/02\/SIL2023.jpg 1000w, https:\/\/contemporaneaeventi.com\/wp-content\/uploads\/2023\/02\/SIL2023-300x200.jpg 300w, https:\/\/contemporaneaeventi.com\/wp-content\/uploads\/2023\/02\/SIL2023-768x511.jpg 768w\" sizes=\"auto, (max-width: 1000px) 100vw, 1000px\" \/>\t\t\t\t\t<\/a>\n\t\t\t\t\t<\/div>\n        <div class=\"edgtf-bli-content\">\n                            <div class=\"edgtf-bli-info\">\n\t                <div itemprop=\"dateCreated\" class=\"edgtf-post-info-date entry-date published updated\">\n            <a itemprop=\"url\" href=\"https:\/\/contemporaneaeventi.com\/es\/2023\/02\/\">\n    \n        14 de febrero de 2023        <\/a>\n    <meta itemprop=\"interactionCount\" content=\"UserComments: 0\"\/>\n<\/div><div class=\"edgtf-post-info-category\">\n    <a href=\"https:\/\/contemporaneaeventi.com\/es\/categoria\/ferias\/\" rel=\"category tag\">Ferias<\/a>, <a href=\"https:\/\/contemporaneaeventi.com\/es\/categoria\/marketing-ferial\/\" rel=\"category tag\">Marketing ferial<\/a><\/div><div class=\"edgtf-post-info-author\">\n    <span class=\"edgtf-post-info-author-text\">\n        By    <\/span>\n    <a itemprop=\"author\" class=\"edgtf-post-info-author-link\" href=\"https:\/\/contemporaneaeventi.com\/es\/author\/eventi\/\">\n        eventi    <\/a>\n<\/div>                <\/div>\n            \t\n\t        \n<h4 itemprop=\"name\" class=\"entry-title edgtf-post-title\" >\n            <a itemprop=\"url\" href=\"https:\/\/contemporaneaeventi.com\/es\/stand-sil-barcelona-2023\/\" title=\"Exhibe tu stand en SIL Barcelona 2023: el mayor encuentro de log\u00edstica mundial\">\n            Exhibe tu stand en SIL Barcelona 2023: el mayor encuentro de log\u00edstica mundial            <\/a>\n    <\/h4>\t\n\t        <div class=\"edgtf-bli-excerpt\">\n\t\t        \t\t<div class=\"edgtf-post-excerpt-holder\">\n\t\t\t<p itemprop=\"description\" class=\"edgtf-post-excerpt\">\n\t\t\t\t\r\nBarcelona vuelve a demostrar una vez m\u00e1s el hecho incuestionable de ser un lugar de primera para celebrar los m\u00e1s importantes congresos y ferias. Es por ello que ahora es un buen momento para visitar el calendario ferial 2023 y\t\t\t<\/p>\n\t\t<\/div>\n\t\t\t        \t<div class=\"edgtf-post-read-more-button\">\n\t\t<a itemprop=\"url\" href=\"https:\/\/contemporaneaeventi.com\/es\/stand-sil-barcelona-2023\/\" target=\"_self\"  class=\"edgtf-btn edgtf-btn-medium edgtf-btn-simple edgtf-blog-list-button\" data-move=\"strict\" data-text=\"Leer m\u00e1s\" >    <span class=\"edgtf-btn-text\">Leer m\u00e1s<\/span>    <\/a>\t<\/div>\n\t        <\/div>\n        <\/div>\n\t<\/div>\n<\/li>\t\t<\/ul>\n\t<\/div>\n\t<\/div>[\/vc_column][\/vc_row][vc_row disable_element=\u00bbyes\u00bb row_content_width=\u00bbgrid\u00bb][vc_column][vc_empty_space][vc_empty_space][vc_single_image image=\u00bb41452&#8243; img_size=\u00bbfull\u00bb alignment=\u00bbcenter\u00bb onclick=\u00bbcustom_link\u00bb link=\u00bb\/contact\/\u00bb][vc_empty_space][vc_empty_space][\/vc_column][\/vc_row][vc_row full_width=\u00bbstretch_row\u00bb css=\u00bb.vc_custom_1759824105581{margin-top: 100px !important;padding-top: 100px !important;padding-bottom: 125px !important;background-image: url(https:\/\/contemporaneaeventi.com\/wp-content\/uploads\/2025\/10\/R-pharm-cphi-contemporanea-eventi-2-shadow.jpg?id=48610) !important;background-position: center !important;background-repeat: no-repeat !important;background-size: cover !important;}\u00bb][vc_column width=\u00bb2\/12&#8243;][\/vc_column][vc_column width=\u00bb8\/12&#8243; css=\u00bb.vc_custom_1757070000123{margin-bottom: 0px !important;background-position: center !important;background-repeat: no-repeat !important;background-size: cover !important;}\u00bb][vc_column_text css=\u00bb.vc_custom_1759824592615{padding-top: 30px !important;padding-bottom: 50px !important;}\u00bb]<\/p>\n<h1 style=\"text-align: center;\"><span style=\"color: #ffffff;\">Dise\u00f1o de Stands para Infarma: Tu Espacio a Medida<\/span><\/h1>\n<p>[\/vc_column_text][vc_row_inner css=\u00bb.vc_custom_1757316758014{margin-top: -32px !important;}\u00bb][vc_column_inner width=\u00bb1\/4&#8243;][\/vc_column_inner][vc_column_inner width=\u00bb1\/2&#8243;][vc_column_text]<\/p>\n<p style=\"text-align: center;\"><span style=\"color: #ffffff;\"><strong>Infarma, el epicentro del sector farmac\u00e9utico en Espa\u00f1a, re\u00fane a m\u00e1s de 30.000 profesionales, creando un entorno altamente competitivo donde la visibilidad es clave. Tu presencia en este evento define tu imagen de marca para todo el a\u00f1o. Por tanto, necesitas un stand impactante que capture la atenci\u00f3n y comunique eficazmente tu propuesta de valor.<\/strong><\/span><\/p>\n<p>[\/vc_column_text][\/vc_column_inner][vc_column_inner width=\u00bb1\/4&#8243;][\/vc_column_inner][\/vc_row_inner][vc_row_inner content_placement=\u00bbmiddle\u00bb content_text_aligment=\u00bbcenter\u00bb css=\u00bb.vc_custom_1758094674868{margin-top: 32px !important;}\u00bb][vc_column_inner]<a itemprop=\"url\" href=\"#form-contact\" target=\"_self\"  class=\"edgtf-btn edgtf-btn-large edgtf-btn-solid edgtf-btn-custom-hover-bg edgtf-btn-custom-hover-color\" data-move=\"strict\" data-hover-color=\"#ffffff\" data-hover-bg-color=\"#ffffff\" data-text=\"Contactanos\" >\n    <span class=\"edgtf-btn-text\">Contactanos<\/span>\n    <\/a>[\/vc_column_inner][\/vc_row_inner][\/vc_column][vc_column width=\u00bb2\/12&#8243;][\/vc_column][\/vc_row][vc_row][vc_column][vc_empty_space][\/vc_column][\/vc_row][vc_row content_placement=\u00bbmiddle\u00bb][vc_column width=\u00bb1\/6&#8243;][\/vc_column][vc_column width=\u00bb2\/3&#8243; css=\u00bb.vc_custom_1757338339443{margin-top: -25px !important;}\u00bb][vc_row_inner][vc_column_inner width=\u00bb1\/2&#8243;][vc_column_text css=\u00bb.vc_custom_1759824838279{padding-right: 10px !important;padding-left: 10px !important;}\u00bb]<\/p>\n<h2>\u00bfPor Qu\u00e9 Necesitas un Expositor de Alto Impacto en la Feria Infarma?<\/h2>\n<p>Entendemos que tu objetivo en Infarma va m\u00e1s all\u00e1 de tener un mostrador. Buscas generar leads cualificados, fortalecer relaciones comerciales y posicionar tu marca como un referente. Por ello, concebimos cada stand como una potente herramienta de negocio, un espacio estrat\u00e9gico dise\u00f1ado para materializar tus objetivos. Un dise\u00f1o profesional no solo te diferencia de la competencia, sino que crea una experiencia memorable para el visitante, facilitando las interacciones que conducen al \u00e9xito y maximizando el retorno de tu inversi\u00f3n en la feria.[\/vc_column_text][\/vc_column_inner][vc_column_inner width=\u00bb1\/2&#8243; css=\u00bb.vc_custom_1757338416056{margin-top: 25px !important;}\u00bb][vc_single_image image=\u00bb48618&#8243; img_size=\u00bbfull\u00bb][\/vc_column_inner][\/vc_row_inner][\/vc_column][vc_column width=\u00bb1\/6&#8243;][\/vc_column][\/vc_row][vc_row css=\u00bb.vc_custom_1758094922210{margin-top: 64px !important;}\u00bb][vc_column width=\u00bb1\/6&#8243;][\/vc_column][vc_column width=\u00bb2\/3&#8243;]<div class=\"edgtf-section-title-holder  edgtf-st-standard edgtf-st-title-left edgtf-st-normal-space \" style=\"text-align: center\">\n\t<div class=\"edgtf-st-inner\">\n\t\t\t\t\t<h2 class=\"edgtf-st-title\" >\n\t\t\t\tServicio Integral para el Dise\u00f1o y Montaje de tu Stand en Infarma\t\t\t<\/h2>\n\t\t\t\t\t<\/div>\n<\/div>[vc_empty_space height=\u00bb64px\u00bb][\/vc_column][vc_column width=\u00bb1\/6&#8243;][\/vc_column][\/vc_row][vc_row css=\u00bb.vc_custom_1759490272462{margin-right: 4px !important;margin-left: 4px !important;}\u00bb][vc_column width=\u00bb1\/6&#8243;][\/vc_column][vc_column width=\u00bb2\/3&#8243;][vc_row_inner gap=\u00bb5&#8243;][vc_column_inner width=\u00bb1\/5&#8243;]<div class=\"edgtf-iwt clearfix  edgtf-iwt-icon-top edgtf-iwt-icon-medium\">\n\t<div class=\"edgtf-iwt-icon\">\n\t\t\t\t\t\t\t\t\t    <span class=\"edgtf-icon-shortcode edgtf-normal   edgtf-icon-medium\"  >\n                    <i class=\"edgtf-icon-dripicons dripicon dripicons-lightbulb edgtf-icon-element\" style=\"\" ><\/i>            <\/span>\n\t\t\t\t\t\t<\/div>\n\t<div class=\"edgtf-iwt-content\" style=\"padding-top: 20px\">\n\t\t\t\t\t<h3 class=\"edgtf-iwt-title\" >\n\t\t\t\t\t\t\t\t<span class=\"edgtf-iwt-title-text\">Dise\u00f1o<\/span>\n\t\t\t\t\t\t\t<\/h3>\n\t\t\t\t\t\t\t<p class=\"edgtf-iwt-text\" >Nuestra creatividad tiene un prop\u00f3sito: crear espacios funcionales y estrat\u00e9gicos. Cada dise\u00f1o optimiza el flujo de visitantes y destaca tus productos clave para facilitar las interacciones de negocio.<\/p>\n\t\t\t<\/div>\n<\/div>[\/vc_column_inner][vc_column_inner width=\u00bb1\/5&#8243;]<div class=\"edgtf-iwt clearfix  edgtf-iwt-icon-top edgtf-iwt-icon-medium\">\n\t<div class=\"edgtf-iwt-icon\">\n\t\t\t\t\t\t\t\t\t    <span class=\"edgtf-icon-shortcode edgtf-normal   edgtf-icon-medium\"  >\n                    <i class=\"edgtf-icon-dripicons dripicon dripicons-folder-open edgtf-icon-element\" style=\"\" ><\/i>            <\/span>\n\t\t\t\t\t\t<\/div>\n\t<div class=\"edgtf-iwt-content\" style=\"padding-top: 20px\">\n\t\t\t\t\t<h3 class=\"edgtf-iwt-title\" >\n\t\t\t\t\t\t\t\t<span class=\"edgtf-iwt-title-text\">Producci\u00f3n<\/span>\n\t\t\t\t\t\t\t<\/h3>\n\t\t\t\t\t\t\t<p class=\"edgtf-iwt-text\" >Un gran dise\u00f1o exige una ejecuci\u00f3n impecable. Usamos solo materiales premium y un equipo de producci\u00f3n especializado para garantizar un stand visualmente impactante, duradero y seguro.<\/p>\n\t\t\t<\/div>\n<\/div>[\/vc_column_inner][vc_column_inner width=\u00bb1\/5&#8243;]<div class=\"edgtf-iwt clearfix  edgtf-iwt-icon-top edgtf-iwt-icon-medium\">\n\t<div class=\"edgtf-iwt-icon\">\n\t\t\t\t\t\t\t\t\t    <span class=\"edgtf-icon-shortcode edgtf-normal   edgtf-icon-medium\"  >\n                    <i class=\"edgtf-icon-dripicons dripicon dripicons-pin edgtf-icon-element\" style=\"\" ><\/i>            <\/span>\n\t\t\t\t\t\t<\/div>\n\t<div class=\"edgtf-iwt-content\" style=\"padding-top: 20px\">\n\t\t\t\t\t<h3 class=\"edgtf-iwt-title\" >\n\t\t\t\t\t\t\t\t<span class=\"edgtf-iwt-title-text\">Proyecto<\/span>\n\t\t\t\t\t\t\t<\/h3>\n\t\t\t\t\t\t\t<p class=\"edgtf-iwt-text\" >Tu gestor de proyectos dedicado es tu \u00fanico interlocutor. Se encarga de toda la planificaci\u00f3n y comunicaci\u00f3n para asegurar un proceso en plazo, sin sorpresas y libre de estr\u00e9s para ti.<\/p>\n\t\t\t<\/div>\n<\/div>[\/vc_column_inner][vc_column_inner width=\u00bb1\/5&#8243;]<div class=\"edgtf-iwt clearfix  edgtf-iwt-icon-top edgtf-iwt-icon-medium\">\n\t<div class=\"edgtf-iwt-icon\">\n\t\t\t\t\t\t\t\t\t    <span class=\"edgtf-icon-shortcode edgtf-normal   edgtf-icon-medium\"  >\n                    <i class=\"edgtf-icon-dripicons dripicon dripicons-gear edgtf-icon-element\" style=\"\" ><\/i>            <\/span>\n\t\t\t\t\t\t<\/div>\n\t<div class=\"edgtf-iwt-content\" style=\"padding-top: 20px\">\n\t\t\t\t\t<h3 class=\"edgtf-iwt-title\" >\n\t\t\t\t\t\t\t\t<span class=\"edgtf-iwt-title-text\">Log\u00edstica<\/span>\n\t\t\t\t\t\t\t<\/h3>\n\t\t\t\t\t\t\t<p class=\"edgtf-iwt-text\" >Nos encargamos de la compleja log\u00edstica de grandes eventos. Coordinamos el transporte, los materiales y los permisos para garantizar que los componentes de tu stand lleguen puntualmente y en perfectas condiciones.<\/p>\n\t\t\t<\/div>\n<\/div>[\/vc_column_inner][vc_column_inner width=\u00bb1\/5&#8243;]<div class=\"edgtf-iwt clearfix  edgtf-iwt-icon-top edgtf-iwt-icon-medium\">\n\t<div class=\"edgtf-iwt-icon\">\n\t\t\t\t\t\t\t\t\t    <span class=\"edgtf-icon-shortcode edgtf-normal   edgtf-icon-medium\"  >\n                    <i class=\"edgtf-icon-dripicons dripicon dripicons-user edgtf-icon-element\" style=\"\" ><\/i>            <\/span>\n\t\t\t\t\t\t<\/div>\n\t<div class=\"edgtf-iwt-content\" style=\"padding-top: 20px\">\n\t\t\t\t\t<h3 class=\"edgtf-iwt-title\" >\n\t\t\t\t\t\t\t\t<span class=\"edgtf-iwt-title-text\">Soporte<\/span>\n\t\t\t\t\t\t\t<\/h3>\n\t\t\t\t\t\t\t<p class=\"edgtf-iwt-text\" >Ante cualquier imprevisto, ofrecemos un soporte \u00e1gil y eficaz durante el montaje y la feria. Resolvemos cualquier necesidad de \u00faltima hora para asegurar que tu stand funcione siempre a la perfecci\u00f3n.<\/p>\n\t\t\t<\/div>\n<\/div>[\/vc_column_inner][\/vc_row_inner][\/vc_column][vc_column width=\u00bb1\/6&#8243;][\/vc_column][\/vc_row][vc_row css=\u00bb.vc_custom_1759490889109{margin-top: 64px !important;}\u00bb][vc_column width=\u00bb1\/6&#8243;][\/vc_column][vc_column width=\u00bb2\/3&#8243;]<div class=\"edgtf-section-title-holder  edgtf-st-standard edgtf-st-title-left edgtf-st-normal-space \" style=\"text-align: center\">\n\t<div class=\"edgtf-st-inner\">\n\t\t\t\t\t<h2 class=\"edgtf-st-title\" >\n\t\t\t\tProyectos Destacados: Stands para Ferias del Sector Farmac\u00e9utico\t\t\t<\/h2>\n\t\t\t\t\t<\/div>\n<\/div>[vc_empty_space][vc_column_text]<\/p>\n<p style=\"text-align: center;\">Con m\u00e1s de 20 a\u00f1os de experiencia, hemos tenido el privilegio de colaborar con marcas l\u00edderes del sector salud y farmacia en las ferias m\u00e1s importantes de Europa. Nuestro portfolio es el mejor reflejo de nuestra capacidad para crear espacios que combinan innovaci\u00f3n, dise\u00f1o y funcionalidad, adaptados a las exigencias de un sector en constante evoluci\u00f3n. Te invitamos a explorar nuestros proyectos para que veas c\u00f3mo materializamos las ideas.<\/p>\n<p>[\/vc_column_text][vc_empty_space]<div class=\"edgtf-portfolio-list-holder edgtf-grid-list edgtf-pl-gallery edgtf-three-columns edgtf-no-space edgtf-disable-bottom-space edgtf-pl-gallery-overlay    edgtf-pl-pag-no-pagination        \"  data-type=gallery data-item-type=gallery data-number-of-columns=three data-space-between-items=no data-number-of-items=6 data-image-proportions=square data-enable-fixed-proportions=no data-enable-image-shadow=no data-category=pharmaceutical-medicine data-orderby=date data-order=ASC data-item-style=gallery-overlay data-inverted=no data-enable-title=yes data-title-tag=h3 data-enable-category=no data-enable-count-images=no data-enable-excerpt=no data-excerpt-length=20 data-pagination-type=no-pagination data-filter=no data-filter-order-by=name data-enable-article-animation=no data-enable-parallax-scrolling=no data-portfolio-slider-on=no data-enable-loop=yes data-enable-autoplay=yes data-enable-scroll=yes data-slider-speed=5000 data-slider-speed-animation=600 data-enable-navigation=yes data-enable-pagination=yes data-enable-more-link=no data-more-link-text=Seemore data-break-more-link=yes data-max-num-pages=4 data-next-page=2>\n\t\t<div class=\"edgtf-pl-inner edgtf-outer-space  clearfix\">\n\t\t<article class=\"edgtf-pl-item edgtf-item-space  post-41730 portfolio-item type-portfolio-item status-publish has-post-thumbnail hentry portfolio-category-eurospine-es portfolio-category-stands-es\">\n\t<div class=\"edgtf-pl-item-inner\">\n\t\t\n<div class=\"edgtf-pli-image\">\n\t<img loading=\"lazy\" decoding=\"async\" width=\"650\" height=\"650\" src=\"https:\/\/contemporaneaeventi.com\/wp-content\/uploads\/2022\/11\/stand-baui-eurospine-contemporanea-eventi-650x650.jpg\" class=\"attachment-manon_edge_image_square size-manon_edge_image_square wp-post-image\" alt=\"\" srcset=\"https:\/\/contemporaneaeventi.com\/wp-content\/uploads\/2022\/11\/stand-baui-eurospine-contemporanea-eventi-650x650.jpg 650w, https:\/\/contemporaneaeventi.com\/wp-content\/uploads\/2022\/11\/stand-baui-eurospine-contemporanea-eventi-150x150.jpg 150w\" sizes=\"auto, (max-width: 650px) 100vw, 650px\" \/>    <\/div>\t<div class=\"edgtf-pli-text-holder\">\n\t\t<div class=\"edgtf-pli-text-wrapper\">\n\t\t\t<div class=\"edgtf-pli-text\">\n\t\t\t\t    <h3 itemprop=\"name\" class=\"edgtf-pli-title entry-title\" >\n        <a itemprop=\"url\" href=\"https:\/\/contemporaneaeventi.com\/es\/portfolio-item\/baui\/\" target=\"_self\">\n            Baui        <\/a>\n\t<\/h3>\n\n\t\t\t\t\n\t\t\t\t\t\t\t\t\n\t\t\t\t\t\t\t\t\n\t\t\t\t\n\t\t\t\t<a itemprop=\"url\" class=\"edgtf-pli-link edgtf-block-drag-link\" href=\"https:\/\/contemporaneaeventi.com\/es\/portfolio-item\/baui\/\" target=\"_self\"><\/a>\n\t\t\t<\/div>\n\t\t<\/div>\n\t<\/div>\n\t\t\n\t\t\t\t\t            <a itemprop=\"url\" class=\"edgtf-pli-link\" data-rel=\"prettyPhoto[rel-gallery-item-41730-137614632]\" href=\"https:\/\/contemporaneaeventi.com\/wp-content\/uploads\/2022\/11\/stand-baui-eurospine-contemporanea-eventi.jpg\" title=\"Baui\"><\/a>\n\t    \n   \n\t\t<a itemprop=\"url\"  data-rel=\"prettyPhoto[rel-gallery-item-41730-137614632]\" href=\"https:\/\/contemporaneaeventi.com\/wp-content\/uploads\/2022\/11\/baui-eurospine-contemporanea-eventi.jpg\" title=\"Baui\"><\/a>\n\t\t\n\t\t<a itemprop=\"url\"  data-rel=\"prettyPhoto[rel-gallery-item-41730-137614632]\" href=\"https:\/\/contemporaneaeventi.com\/wp-content\/uploads\/2022\/11\/stand-baui-eurospine.jpg\" title=\"Baui\"><\/a>\n\t\t\n\t\t<a itemprop=\"url\"  data-rel=\"prettyPhoto[rel-gallery-item-41730-137614632]\" href=\"https:\/\/contemporaneaeventi.com\/wp-content\/uploads\/2022\/11\/stand-baui-eurospine-2019.jpg\" title=\"Baui\"><\/a>\n\t\t\n\t\t<a itemprop=\"url\"  data-rel=\"prettyPhoto[rel-gallery-item-41730-137614632]\" href=\"https:\/\/contemporaneaeventi.com\/wp-content\/uploads\/2022\/11\/stand-baui-eurospine-2019-contemporanea-eventi.jpg\" title=\"Baui\"><\/a>\n\t\t\n\t\t<a itemprop=\"url\"  data-rel=\"prettyPhoto[rel-gallery-item-41730-137614632]\" href=\"https:\/\/contemporaneaeventi.com\/wp-content\/uploads\/2022\/11\/stand-baui-eurospine-contemporanea-eventi.jpg\" title=\"Baui\"><\/a>\n\t\t\n\t\t<a itemprop=\"url\"  data-rel=\"prettyPhoto[rel-gallery-item-41730-137614632]\" href=\"https:\/\/contemporaneaeventi.com\/wp-content\/uploads\/2022\/11\/baui-eurospine-2019-contemporanea-eventi.jpg\" title=\"Baui\"><\/a>\n\t\t\t\t\t<\/div>\n<\/article><article class=\"edgtf-pl-item edgtf-item-space  post-41741 portfolio-item type-portfolio-item status-publish has-post-thumbnail hentry portfolio-category-infarma-es portfolio-category-stands-es\">\n\t<div class=\"edgtf-pl-item-inner\">\n\t\t\n<div class=\"edgtf-pli-image\">\n\t<img loading=\"lazy\" decoding=\"async\" width=\"650\" height=\"650\" src=\"https:\/\/contemporaneaeventi.com\/wp-content\/uploads\/2022\/11\/stand-alliance-2-650x650.jpg\" class=\"attachment-manon_edge_image_square size-manon_edge_image_square wp-post-image\" alt=\"\" srcset=\"https:\/\/contemporaneaeventi.com\/wp-content\/uploads\/2022\/11\/stand-alliance-2-650x650.jpg 650w, https:\/\/contemporaneaeventi.com\/wp-content\/uploads\/2022\/11\/stand-alliance-2-150x150.jpg 150w, https:\/\/contemporaneaeventi.com\/wp-content\/uploads\/2022\/11\/stand-alliance-2-1300x1300.jpg 1300w\" sizes=\"auto, (max-width: 650px) 100vw, 650px\" \/>    <\/div>\t<div class=\"edgtf-pli-text-holder\">\n\t\t<div class=\"edgtf-pli-text-wrapper\">\n\t\t\t<div class=\"edgtf-pli-text\">\n\t\t\t\t    <h3 itemprop=\"name\" class=\"edgtf-pli-title entry-title\" >\n        <a itemprop=\"url\" href=\"https:\/\/contemporaneaeventi.com\/es\/portfolio-item\/alliance-healthcare\/\" target=\"_self\">\n            ALLIANCE HEALTHCARE        <\/a>\n\t<\/h3>\n\n\t\t\t\t\n\t\t\t\t\t\t\t\t\n\t\t\t\t\t\t\t\t\n\t\t\t\t\n\t\t\t\t<a itemprop=\"url\" class=\"edgtf-pli-link edgtf-block-drag-link\" href=\"https:\/\/contemporaneaeventi.com\/es\/portfolio-item\/alliance-healthcare\/\" target=\"_self\"><\/a>\n\t\t\t<\/div>\n\t\t<\/div>\n\t<\/div>\n\t\t\n\t\t\t\t\t            <a itemprop=\"url\" class=\"edgtf-pli-link\" data-rel=\"prettyPhoto[rel-gallery-item-41741-1693089637]\" href=\"https:\/\/contemporaneaeventi.com\/wp-content\/uploads\/2022\/11\/stand-alliance-2.jpg\" title=\"ALLIANCE HEALTHCARE\"><\/a>\n\t    \n   \n\t\t<a itemprop=\"url\"  data-rel=\"prettyPhoto[rel-gallery-item-41741-1693089637]\" href=\"https:\/\/contemporaneaeventi.com\/wp-content\/uploads\/2022\/11\/stand-alliance-9.jpg\" title=\"ALLIANCE HEALTHCARE\"><\/a>\n\t\t\n\t\t<a itemprop=\"url\"  data-rel=\"prettyPhoto[rel-gallery-item-41741-1693089637]\" href=\"https:\/\/contemporaneaeventi.com\/wp-content\/uploads\/2022\/11\/stand-alliance-8.jpg\" title=\"ALLIANCE HEALTHCARE\"><\/a>\n\t\t\n\t\t<a itemprop=\"url\"  data-rel=\"prettyPhoto[rel-gallery-item-41741-1693089637]\" href=\"https:\/\/contemporaneaeventi.com\/wp-content\/uploads\/2022\/11\/stand-alliance-7.jpg\" title=\"ALLIANCE HEALTHCARE\"><\/a>\n\t\t\n\t\t<a itemprop=\"url\"  data-rel=\"prettyPhoto[rel-gallery-item-41741-1693089637]\" href=\"https:\/\/contemporaneaeventi.com\/wp-content\/uploads\/2022\/11\/stand-alliance-6.jpg\" title=\"ALLIANCE HEALTHCARE\"><\/a>\n\t\t\n\t\t<a itemprop=\"url\"  data-rel=\"prettyPhoto[rel-gallery-item-41741-1693089637]\" href=\"https:\/\/contemporaneaeventi.com\/wp-content\/uploads\/2022\/11\/stand-alliance-5.jpg\" title=\"ALLIANCE HEALTHCARE\"><\/a>\n\t\t\n\t\t<a itemprop=\"url\"  data-rel=\"prettyPhoto[rel-gallery-item-41741-1693089637]\" href=\"https:\/\/contemporaneaeventi.com\/wp-content\/uploads\/2022\/11\/stand-alliance-3.jpg\" title=\"ALLIANCE HEALTHCARE\"><\/a>\n\t\t\n\t\t<a itemprop=\"url\"  data-rel=\"prettyPhoto[rel-gallery-item-41741-1693089637]\" href=\"https:\/\/contemporaneaeventi.com\/wp-content\/uploads\/2022\/11\/stand-alliance-2.jpg\" title=\"ALLIANCE HEALTHCARE\"><\/a>\n\t\t\t\t\t<\/div>\n<\/article><article class=\"edgtf-pl-item edgtf-item-space  post-41745 portfolio-item type-portfolio-item status-publish has-post-thumbnail hentry portfolio-category-infarma-es portfolio-category-stands-es\">\n\t<div class=\"edgtf-pl-item-inner\">\n\t\t\n<div class=\"edgtf-pli-image\">\n\t<img loading=\"lazy\" decoding=\"async\" width=\"650\" height=\"650\" src=\"https:\/\/contemporaneaeventi.com\/wp-content\/uploads\/2022\/11\/stand-ygs-1-650x650.jpg\" class=\"attachment-manon_edge_image_square size-manon_edge_image_square wp-post-image\" alt=\"\" srcset=\"https:\/\/contemporaneaeventi.com\/wp-content\/uploads\/2022\/11\/stand-ygs-1-650x650.jpg 650w, https:\/\/contemporaneaeventi.com\/wp-content\/uploads\/2022\/11\/stand-ygs-1-150x150.jpg 150w\" sizes=\"auto, (max-width: 650px) 100vw, 650px\" \/>    <\/div>\t<div class=\"edgtf-pli-text-holder\">\n\t\t<div class=\"edgtf-pli-text-wrapper\">\n\t\t\t<div class=\"edgtf-pli-text\">\n\t\t\t\t    <h3 itemprop=\"name\" class=\"edgtf-pli-title entry-title\" >\n        <a itemprop=\"url\" href=\"https:\/\/contemporaneaeventi.com\/es\/portfolio-item\/ygs\/\" target=\"_self\">\n            YGS        <\/a>\n\t<\/h3>\n\n\t\t\t\t\n\t\t\t\t\t\t\t\t\n\t\t\t\t\t\t\t\t\n\t\t\t\t\n\t\t\t\t<a itemprop=\"url\" class=\"edgtf-pli-link edgtf-block-drag-link\" href=\"https:\/\/contemporaneaeventi.com\/es\/portfolio-item\/ygs\/\" target=\"_self\"><\/a>\n\t\t\t<\/div>\n\t\t<\/div>\n\t<\/div>\n\t\t\n\t\t\t\t\t            <a itemprop=\"url\" class=\"edgtf-pli-link\" data-rel=\"prettyPhoto[rel-gallery-item-41745-50518950]\" href=\"https:\/\/contemporaneaeventi.com\/wp-content\/uploads\/2022\/11\/stand-ygs-1.jpg\" title=\"YGS\"><\/a>\n\t    \n   \n\t\t<a itemprop=\"url\"  data-rel=\"prettyPhoto[rel-gallery-item-41745-50518950]\" href=\"https:\/\/contemporaneaeventi.com\/wp-content\/uploads\/2022\/11\/stand-ygs-3.jpg\" title=\"YGS\"><\/a>\n\t\t\n\t\t<a itemprop=\"url\"  data-rel=\"prettyPhoto[rel-gallery-item-41745-50518950]\" href=\"https:\/\/contemporaneaeventi.com\/wp-content\/uploads\/2022\/11\/stand-ygs-2.jpg\" title=\"YGS\"><\/a>\n\t\t\n\t\t<a itemprop=\"url\"  data-rel=\"prettyPhoto[rel-gallery-item-41745-50518950]\" href=\"https:\/\/contemporaneaeventi.com\/wp-content\/uploads\/2022\/11\/stand-ygs-1.jpg\" title=\"YGS\"><\/a>\n\t\t\t\t\t<\/div>\n<\/article><article class=\"edgtf-pl-item edgtf-item-space  post-41750 portfolio-item type-portfolio-item status-publish has-post-thumbnail hentry portfolio-category-cphi-es portfolio-category-stands-es\">\n\t<div class=\"edgtf-pl-item-inner\">\n\t\t\n<div class=\"edgtf-pli-image\">\n\t<img loading=\"lazy\" decoding=\"async\" width=\"650\" height=\"650\" src=\"https:\/\/contemporaneaeventi.com\/wp-content\/uploads\/2022\/11\/stand-acino-expoquimia-contemporanea-eventi-4-1-650x650.jpg\" class=\"attachment-manon_edge_image_square size-manon_edge_image_square wp-post-image\" alt=\"stand acino expoquimia-contemporanea eventi\" srcset=\"https:\/\/contemporaneaeventi.com\/wp-content\/uploads\/2022\/11\/stand-acino-expoquimia-contemporanea-eventi-4-1-650x650.jpg 650w, https:\/\/contemporaneaeventi.com\/wp-content\/uploads\/2022\/11\/stand-acino-expoquimia-contemporanea-eventi-4-1-150x150.jpg 150w, https:\/\/contemporaneaeventi.com\/wp-content\/uploads\/2022\/11\/stand-acino-expoquimia-contemporanea-eventi-4-1-1300x1300.jpg 1300w\" sizes=\"auto, (max-width: 650px) 100vw, 650px\" \/>    <\/div>\t<div class=\"edgtf-pli-text-holder\">\n\t\t<div class=\"edgtf-pli-text-wrapper\">\n\t\t\t<div class=\"edgtf-pli-text\">\n\t\t\t\t    <h3 itemprop=\"name\" class=\"edgtf-pli-title entry-title\" >\n        <a itemprop=\"url\" href=\"https:\/\/contemporaneaeventi.com\/es\/portfolio-item\/acino\/\" target=\"_self\">\n            Acino        <\/a>\n\t<\/h3>\n\n\t\t\t\t\n\t\t\t\t\t\t\t\t\n\t\t\t\t\t\t\t\t\n\t\t\t\t\n\t\t\t\t<a itemprop=\"url\" class=\"edgtf-pli-link edgtf-block-drag-link\" href=\"https:\/\/contemporaneaeventi.com\/es\/portfolio-item\/acino\/\" target=\"_self\"><\/a>\n\t\t\t<\/div>\n\t\t<\/div>\n\t<\/div>\n\t\t\n\t\t\t\t\t            <a itemprop=\"url\" class=\"edgtf-pli-link\" data-rel=\"prettyPhoto[rel-gallery-item-41750-1559403643]\" href=\"https:\/\/contemporaneaeventi.com\/wp-content\/uploads\/2022\/11\/stand-acino-expoquimia-contemporanea-eventi-4-1.jpg\" title=\"Acino\"><\/a>\n\t    \n   \n\t\t<a itemprop=\"url\"  data-rel=\"prettyPhoto[rel-gallery-item-41750-1559403643]\" href=\"https:\/\/contemporaneaeventi.com\/wp-content\/uploads\/2022\/11\/stand-acino-expoquimia-contemporanea-eventi-5.jpg\" title=\"Acino\"><\/a>\n\t\t\n\t\t<a itemprop=\"url\"  data-rel=\"prettyPhoto[rel-gallery-item-41750-1559403643]\" href=\"https:\/\/contemporaneaeventi.com\/wp-content\/uploads\/2022\/11\/stand-acino-expoquimia-contemporanea-eventi-7-scaled.jpg\" title=\"Acino\"><\/a>\n\t\t\n\t\t<a itemprop=\"url\"  data-rel=\"prettyPhoto[rel-gallery-item-41750-1559403643]\" href=\"https:\/\/contemporaneaeventi.com\/wp-content\/uploads\/2022\/11\/stand-acino-expoquimia-contemporanea-eventi-4-1.jpg\" title=\"Acino\"><\/a>\n\t\t\n\t\t<a itemprop=\"url\"  data-rel=\"prettyPhoto[rel-gallery-item-41750-1559403643]\" href=\"https:\/\/contemporaneaeventi.com\/wp-content\/uploads\/2022\/11\/stand-acino-expoquimia-contemporanea-eventi-5-1-scaled.jpg\" title=\"Acino\"><\/a>\n\t\t\n\t\t<a itemprop=\"url\"  data-rel=\"prettyPhoto[rel-gallery-item-41750-1559403643]\" href=\"https:\/\/contemporaneaeventi.com\/wp-content\/uploads\/2022\/11\/stand-acino-expoquimia-contemporanea-eventi-6.jpg\" title=\"Acino\"><\/a>\n\t\t\n\t\t<a itemprop=\"url\"  data-rel=\"prettyPhoto[rel-gallery-item-41750-1559403643]\" href=\"https:\/\/contemporaneaeventi.com\/wp-content\/uploads\/2022\/11\/stand-acino-expoquimia-contemporanea-eventi-1-1-scaled.jpg\" title=\"Acino\"><\/a>\n\t\t\n\t\t<a itemprop=\"url\"  data-rel=\"prettyPhoto[rel-gallery-item-41750-1559403643]\" href=\"https:\/\/contemporaneaeventi.com\/wp-content\/uploads\/2022\/11\/stand-acino-expoquimia-contemporanea-eventi-4.jpg\" title=\"Acino\"><\/a>\n\t\t\n\t\t<a itemprop=\"url\"  data-rel=\"prettyPhoto[rel-gallery-item-41750-1559403643]\" href=\"https:\/\/contemporaneaeventi.com\/wp-content\/uploads\/2022\/11\/stand-acino-expoquimia-contemporanea-eventi-3.jpg\" title=\"Acino\"><\/a>\n\t\t\n\t\t<a itemprop=\"url\"  data-rel=\"prettyPhoto[rel-gallery-item-41750-1559403643]\" href=\"https:\/\/contemporaneaeventi.com\/wp-content\/uploads\/2022\/11\/stand-acino-expoquimia-contemporanea-eventi-2.jpg\" title=\"Acino\"><\/a>\n\t\t\n\t\t<a itemprop=\"url\"  data-rel=\"prettyPhoto[rel-gallery-item-41750-1559403643]\" href=\"https:\/\/contemporaneaeventi.com\/wp-content\/uploads\/2022\/11\/stand-acino-expoquimia-contemporanea-eventi-1.jpg\" title=\"Acino\"><\/a>\n\t\t\t\t\t<\/div>\n<\/article><article class=\"edgtf-pl-item edgtf-item-space  post-41735 portfolio-item type-portfolio-item status-publish has-post-thumbnail hentry portfolio-category-cphi-es portfolio-category-exposicion portfolio-category-stands-es\">\n\t<div class=\"edgtf-pl-item-inner\">\n\t\t\n<div class=\"edgtf-pli-image\">\n\t<img loading=\"lazy\" decoding=\"async\" width=\"650\" height=\"650\" src=\"https:\/\/contemporaneaeventi.com\/wp-content\/uploads\/2022\/11\/stand-amega-cphi-contemporanea-eventi-1-650x650.jpg\" class=\"attachment-manon_edge_image_square size-manon_edge_image_square wp-post-image\" alt=\"Stand Amega - Contemporanea Eventi cphi\" srcset=\"https:\/\/contemporaneaeventi.com\/wp-content\/uploads\/2022\/11\/stand-amega-cphi-contemporanea-eventi-1-650x650.jpg 650w, https:\/\/contemporaneaeventi.com\/wp-content\/uploads\/2022\/11\/stand-amega-cphi-contemporanea-eventi-1-150x150.jpg 150w\" sizes=\"auto, (max-width: 650px) 100vw, 650px\" \/>    <\/div>\t<div class=\"edgtf-pli-text-holder\">\n\t\t<div class=\"edgtf-pli-text-wrapper\">\n\t\t\t<div class=\"edgtf-pli-text\">\n\t\t\t\t    <h3 itemprop=\"name\" class=\"edgtf-pli-title entry-title\" >\n        <a itemprop=\"url\" href=\"https:\/\/contemporaneaeventi.com\/es\/portfolio-item\/amega\/\" target=\"_self\">\n            Amega        <\/a>\n\t<\/h3>\n\n\t\t\t\t\n\t\t\t\t\t\t\t\t\n\t\t\t\t\t\t\t\t\n\t\t\t\t\n\t\t\t\t<a itemprop=\"url\" class=\"edgtf-pli-link edgtf-block-drag-link\" href=\"https:\/\/contemporaneaeventi.com\/es\/portfolio-item\/amega\/\" target=\"_self\"><\/a>\n\t\t\t<\/div>\n\t\t<\/div>\n\t<\/div>\n\t\t\n\t\t\t\t\t            <a itemprop=\"url\" class=\"edgtf-pli-link\" data-rel=\"prettyPhoto[rel-gallery-item-41735-331210500]\" href=\"https:\/\/contemporaneaeventi.com\/wp-content\/uploads\/2022\/11\/stand-amega-cphi-contemporanea-eventi-1.jpg\" title=\"Amega\"><\/a>\n\t    \n   \n\t\t<a itemprop=\"url\"  data-rel=\"prettyPhoto[rel-gallery-item-41735-331210500]\" href=\"https:\/\/contemporaneaeventi.com\/wp-content\/uploads\/2022\/11\/stand-amega-cphi-contemporanea-eventi-5-scaled.jpg\" title=\"Amega\"><\/a>\n\t\t\n\t\t<a itemprop=\"url\"  data-rel=\"prettyPhoto[rel-gallery-item-41735-331210500]\" href=\"https:\/\/contemporaneaeventi.com\/wp-content\/uploads\/2022\/11\/stand-amega-cphi-contemporanea-eventi-4-scaled.jpg\" title=\"Amega\"><\/a>\n\t\t\n\t\t<a itemprop=\"url\"  data-rel=\"prettyPhoto[rel-gallery-item-41735-331210500]\" href=\"https:\/\/contemporaneaeventi.com\/wp-content\/uploads\/2022\/11\/stand-amega-cphi-contemporanea-eventi-3-scaled.jpg\" title=\"Amega\"><\/a>\n\t\t\n\t\t<a itemprop=\"url\"  data-rel=\"prettyPhoto[rel-gallery-item-41735-331210500]\" href=\"https:\/\/contemporaneaeventi.com\/wp-content\/uploads\/2022\/11\/stand-amega-cphi-contemporanea-eventi-2-scaled.jpg\" title=\"Amega\"><\/a>\n\t\t\n\t\t<a itemprop=\"url\"  data-rel=\"prettyPhoto[rel-gallery-item-41735-331210500]\" href=\"https:\/\/contemporaneaeventi.com\/wp-content\/uploads\/2022\/11\/stand-amega-cphi-contemporanea-eventi-1.jpg\" title=\"Amega\"><\/a>\n\t\t\t\t\t<\/div>\n<\/article><article class=\"edgtf-pl-item edgtf-item-space  post-41739 portfolio-item type-portfolio-item status-publish has-post-thumbnail hentry portfolio-category-cphi-es portfolio-category-stands-es\">\n\t<div class=\"edgtf-pl-item-inner\">\n\t\t\n<div class=\"edgtf-pli-image\">\n\t<img loading=\"lazy\" decoding=\"async\" width=\"650\" height=\"643\" src=\"https:\/\/contemporaneaeventi.com\/wp-content\/uploads\/2022\/11\/amega-biotech-cphi-contemporanea-eventi-3-650x643.jpg\" class=\"attachment-manon_edge_image_square size-manon_edge_image_square wp-post-image\" alt=\"Stand Amega - Contemporanea Eventi cphi\" \/>    <\/div>\t<div class=\"edgtf-pli-text-holder\">\n\t\t<div class=\"edgtf-pli-text-wrapper\">\n\t\t\t<div class=\"edgtf-pli-text\">\n\t\t\t\t    <h3 itemprop=\"name\" class=\"edgtf-pli-title entry-title\" >\n        <a itemprop=\"url\" href=\"https:\/\/contemporaneaeventi.com\/es\/portfolio-item\/amega-2\/\" target=\"_self\">\n            Amega        <\/a>\n\t<\/h3>\n\n\t\t\t\t\n\t\t\t\t\t\t\t\t\n\t\t\t\t\t\t\t\t\n\t\t\t\t\n\t\t\t\t<a itemprop=\"url\" class=\"edgtf-pli-link edgtf-block-drag-link\" href=\"https:\/\/contemporaneaeventi.com\/es\/portfolio-item\/amega-2\/\" target=\"_self\"><\/a>\n\t\t\t<\/div>\n\t\t<\/div>\n\t<\/div>\n\t\t\n\t\t\t\t\t            <a itemprop=\"url\" class=\"edgtf-pli-link\" data-rel=\"prettyPhoto[rel-gallery-item-41739-1375850484]\" href=\"https:\/\/contemporaneaeventi.com\/wp-content\/uploads\/2022\/11\/amega-biotech-cphi-contemporanea-eventi-3.jpg\" title=\"Amega\"><\/a>\n\t    \n   \n\t\t<a itemprop=\"url\"  data-rel=\"prettyPhoto[rel-gallery-item-41739-1375850484]\" href=\"https:\/\/contemporaneaeventi.com\/wp-content\/uploads\/2022\/11\/amega-biotech-cphi-contemporanea-eventi-3.jpg\" title=\"Amega\"><\/a>\n\t\t\n\t\t<a itemprop=\"url\"  data-rel=\"prettyPhoto[rel-gallery-item-41739-1375850484]\" href=\"https:\/\/contemporaneaeventi.com\/wp-content\/uploads\/2022\/11\/amega-biotech-cphi-contemporanea-eventi-4-scaled.jpg\" title=\"Amega\"><\/a>\n\t\t\n\t\t<a itemprop=\"url\"  data-rel=\"prettyPhoto[rel-gallery-item-41739-1375850484]\" href=\"https:\/\/contemporaneaeventi.com\/wp-content\/uploads\/2022\/11\/amega-biotech-cphi-contemporanea-eventi-2.jpg\" title=\"Amega\"><\/a>\n\t\t\n\t\t<a itemprop=\"url\"  data-rel=\"prettyPhoto[rel-gallery-item-41739-1375850484]\" href=\"https:\/\/contemporaneaeventi.com\/wp-content\/uploads\/2022\/11\/amega-biotech-cphi-contemporanea-eventi-1.jpg\" title=\"Amega\"><\/a>\n\t\t\t\t\t<\/div>\n<\/article>\t<\/div>\n\t\n\t\n    <\/div>\n[\/vc_column][vc_column width=\u00bb1\/6&#8243;][\/vc_column][\/vc_row][vc_row][vc_column][vc_empty_space height=\u00bb16px\u00bb][\/vc_column][\/vc_row][vc_row css=\u00bb.vc_custom_1759823778302{margin-top: 32px !important;margin-right: 6px !important;margin-left: 6px !important;}\u00bb][vc_column width=\u00bb1\/6&#8243;][\/vc_column][vc_column width=\u00bb2\/3&#8243;]<div class=\"edgtf-section-title-holder  edgtf-st-standard edgtf-st-title-left edgtf-st-normal-space \" style=\"text-align: center\">\n\t<div class=\"edgtf-st-inner\">\n\t\t\t\t\t<h2 class=\"edgtf-st-title\" >\n\t\t\t\tLa Clave del \u00c9xito de tu Stand en Infarma\t\t\t<\/h2>\n\t\t\t\t\t<\/div>\n<\/div>[vc_empty_space][vc_row_inner gap=\u00bb20&#8243;][vc_column_inner width=\u00bb1\/3&#8243;]<div class=\"edgtf-number-with-text-holder \">\n    <span class=\"edgtf-nwt-number\">01<\/span>\n\t<div class=\"edgtf-nwt-text-holder\">\n\t\t\t\t<h3 class=\"edgtf-nwt-title\" >Estrategia y Objetivos Claros<\/h3>\n\t\t\t\t<p class=\"edgtf-nwt-text\">Todo proyecto comienza con una inmersi\u00f3n profunda en tu marca. Antes de trazar la primera l\u00ednea, nos reunimos contigo para entender tus objetivos comerciales: \u00bfbuscas captar nuevos distribuidores, presentar un producto, reforzar tu imagen de marca? Alinear el dise\u00f1o con estos objetivos es el primer paso para garantizar el \u00e9xito.<\/p>\n\t<\/div>\n<\/div>[\/vc_column_inner][vc_column_inner width=\u00bb1\/3&#8243;]<div class=\"edgtf-number-with-text-holder \">\n    <span class=\"edgtf-nwt-number\">02<\/span>\n\t<div class=\"edgtf-nwt-text-holder\">\n\t\t\t\t<h3 class=\"edgtf-nwt-title\" >Dise\u00f1o Centrado en la Experiencia<\/h3>\n\t\t\t\t<p class=\"edgtf-nwt-text\">En este sentido, dise\u00f1amos pensando en la persona que visitar\u00e1 tu stand. Creamos un recorrido intuitivo y atractivo que gu\u00eda al visitante a trav\u00e9s de tu propuesta de valor. Cada elemento, desde la iluminaci\u00f3n hasta la disposici\u00f3n del mobiliario, est\u00e1 estrat\u00e9gicamente planificado para fomentar la interacci\u00f3n y hacer que la experiencia sea fluida y enriquecedora.<\/p>\n\t<\/div>\n<\/div>[\/vc_column_inner][vc_column_inner width=\u00bb1\/3&#8243;]<div class=\"edgtf-number-with-text-holder \">\n    <span class=\"edgtf-nwt-number\">03<\/span>\n\t<div class=\"edgtf-nwt-text-holder\">\n\t\t\t\t<h3 class=\"edgtf-nwt-title\" >MATERIALES PREMIUM<\/h3>\n\t\t\t\t<p class=\"edgtf-nwt-text\">Finalmente, una ejecuci\u00f3n impecable es indispensable. Nuestro equipo de montadores profesionales se encarga de que la materializaci\u00f3n del dise\u00f1o en el recinto ferial sea perfecta. Nos comprometemos con la excelencia en cada acabado, asegurando que la calidad de tu stand refleje el profesionalismo de tu marca.<\/p>\n\t<\/div>\n<\/div>[\/vc_column_inner][\/vc_row_inner][vc_empty_space][\/vc_column][vc_column width=\u00bb1\/6&#8243;][\/vc_column][\/vc_row][vc_row css=\u00bb.vc_custom_1759490514262{margin-bottom: 32px !important;}\u00bb][vc_column][vc_separator color=\u00bbblack\u00bb border_width=\u00bb2&#8243; el_width=\u00bb60&#8243; css=\u00bb.vc_custom_1757315934626{margin-top: 64px !important;}\u00bb][\/vc_column][\/vc_row][vc_row row_content_width=\u00bbgrid\u00bb][vc_column]<div class=\"edgtf-elements-holder   edgtf-one-column  edgtf-responsive-mode-768 \" ><div class=\"edgtf-eh-item     \"  data-item-class=\"edgtf-eh-custom-8939\" data-769-1024=\"160px 0 149px 0\" data-681-768=\"160px 0 147px 0\" data-680=\"0px 0 145px 0\">\n\t<div class=\"edgtf-eh-item-inner\">\n\t\t<div class=\"edgtf-eh-item-content edgtf-eh-custom-8939\" style=\"padding: 0px 0 20px 0\">\n\t\t\t<div class=\"edgtf-testimonials-holder clearfix edgtf-testimonials-standard \">\n    <div class=\"edgtf-testimonial-mark\">\n\t\t<svg class=\"edgtf-theme-svg\" x=\"0px\" y=\"0px\" width=\"293px\" height=\"293px\" viewBox=\"0 0 231.971 231.971\" enable-background=\"new 0 0 231.971 231.971\" xml:space=\"preserve\">\n\t\t\t\t\t<circle fill=\"none\" stroke=\"#000000\" stroke-miterlimit=\"10\" cx=\"115.985\" cy=\"115.985\" r=\"115.485\"\/>\n\t\t\t\t<\/svg>    <\/div>\n    <div class=\"edgtf-testimonials edgtf-owl-slider\" data-number-of-items=\"1\" data-enable-loop=\"yes\" data-enable-autoplay=\"yes\" data-slider-speed=\"5000\" data-slider-speed-animation=\"600\" data-enable-navigation=\"no\" data-enable-pagination=\"yes\" >\n\n    \n            <div class=\"edgtf-testimonial-content\" id=\"edgtf-testimonials-41802\">\n                <div class=\"edgtf-testimonial-text-holder\">\n                                            <h4 itemprop=\"name\" class=\"edgtf-testimonial-title entry-title\">\u00abAgradezco sus esfuerzos y colaboraci\u00f3n como siempre tan estimada en los preparativos del presupuesto para esta convocatoria.\u00bb<\/h4>\n                                                                                    <p class=\"edgtf-testimonial-author\">\n                            <span class=\"edgtf-testimonials-author-name\">Bard. Gerente del Tour de Francia<\/span>\n                                                    <\/p>\n                                    <\/div>\n                            <\/div>\n\n    \n            <div class=\"edgtf-testimonial-content\" id=\"edgtf-testimonials-41800\">\n                <div class=\"edgtf-testimonial-text-holder\">\n                                            <h4 itemprop=\"name\" class=\"edgtf-testimonial-title entry-title\">\u00abPor ac\u00e1 anda todo fant\u00e1stico el stand esta espectacular y estamos muy contentos y gracias al cielo por vos, es un placer trabajar con ustedes.\u00bb<\/h4>\n                                                                                    <p class=\"edgtf-testimonial-author\">\n                            <span class=\"edgtf-testimonials-author-name\">Embajada del Gobierno de Argentina<\/span>\n                                                    <\/p>\n                                    <\/div>\n                            <\/div>\n\n    \n            <div class=\"edgtf-testimonial-content\" id=\"edgtf-testimonials-41797\">\n                <div class=\"edgtf-testimonial-text-holder\">\n                                            <h4 itemprop=\"name\" class=\"edgtf-testimonial-title entry-title\">\u00abQuer\u00eda daros las gracias a todos por el estupendo trabajo realizado pre y durante MWC. SOIS UN SUPER EQUIPO!!\u00bb<\/h4>\n                                                                                    <p class=\"edgtf-testimonial-author\">\n                            <span class=\"edgtf-testimonials-author-name\">Corporate Marketing Director de Softonic<\/span>\n                                                    <\/p>\n                                    <\/div>\n                            <\/div>\n\n    \n    <\/div>\n<\/div>\t\t<\/div>\n\t<\/div>\n<\/div><\/div>[\/vc_column][\/vc_row][vc_row el_id=\u00bbform-contact\u00bb][vc_column width=\u00bb1\/6&#8243;][\/vc_column][vc_column width=\u00bb2\/3&#8243;]<div class=\"edgtf-elements-holder   edgtf-one-column  edgtf-responsive-mode-768 \" ><div class=\"edgtf-eh-item     \"  data-item-class=\"edgtf-eh-custom-7534\">\n\t<div class=\"edgtf-eh-item-inner\">\n\t\t<div class=\"edgtf-eh-item-content edgtf-eh-custom-7534\" >\n\t\t\t[vc_empty_space][vc_column_text]<\/p>\n<h2 style=\"text-align: center;\">Solicita un Presupuesto para tu Stand en la Pr\u00f3xima Feria Infarma<\/h2>\n<p>[\/vc_column_text][vc_empty_space][vc_raw_html]JTVCd3Bmb3JtcyUyMGlkJTNEJTIyNDcyMDElMjIlNUQ=[\/vc_raw_html]\t\t<\/div>\n\t<\/div>\n<\/div><\/div>[\/vc_column][vc_column width=\u00bb1\/6&#8243;][\/vc_column][\/vc_row][vc_row][vc_column][vc_empty_space height=\u00bb64px\u00bb][\/vc_column][\/vc_row][vc_row css=\u00bb.vc_custom_1757321122575{margin-bottom: 32px !important;}\u00bb][vc_column][vc_column_text]<\/p>\n<h2 style=\"text-align: center;\">Tu Partner de Confianza para Stands en Ferias Europeas<\/h2>\n<p>[\/vc_column_text][\/vc_column][\/vc_row][vc_row row_content_width=\u00bbgrid\u00bb][vc_column width=\u00bb1\/6&#8243;]<a itemprop=\"url\" href=\"https:\/\/contemporaneaeventi.com\/es\/stands\/stands-barcelona\/\" target=\"_self\" style=\"text-transform: uppercase\" class=\"edgtf-btn edgtf-btn-medium edgtf-btn-solid edgtf-btn-icon\" data-move=\"strict\" data-text=\"Barcelona\" >\n    <span class=\"edgtf-btn-text\">Barcelona<\/span>\n    <i class=\"edgtf-icon-font-awesome fa fa-map-marker-alt \" ><\/i><\/a><a itemprop=\"url\" href=\"https:\/\/contemporaneaeventi.com\/es\/stands\/stands-berlin\/\" target=\"_self\" style=\"text-transform: uppercase\" class=\"edgtf-btn edgtf-btn-medium edgtf-btn-solid edgtf-btn-icon\" data-move=\"strict\" data-text=\"Berl\u00edn\" >\n    <span class=\"edgtf-btn-text\">Berl\u00edn<\/span>\n    <i class=\"edgtf-icon-font-awesome fa fa-map-marker-alt \" ><\/i><\/a><a itemprop=\"url\" href=\"https:\/\/contemporaneaeventi.com\/es\/stands\/stands-colonia\/\" target=\"_self\" style=\"text-transform: uppercase\" class=\"edgtf-btn edgtf-btn-medium edgtf-btn-solid edgtf-btn-icon\" data-move=\"strict\" data-text=\"Colonia\" >\n    <span class=\"edgtf-btn-text\">Colonia<\/span>\n    <i class=\"edgtf-icon-font-awesome fa fa-map-marker-alt \" ><\/i><\/a><a itemprop=\"url\" href=\"https:\/\/contemporaneaeventi.com\/es\/stands\/stands-lisboa\/\" target=\"_self\" style=\"text-transform: uppercase\" class=\"edgtf-btn edgtf-btn-medium edgtf-btn-solid edgtf-btn-icon\" data-move=\"strict\" data-text=\"Lisboa\" >\n    <span class=\"edgtf-btn-text\">Lisboa<\/span>\n    <i class=\"edgtf-icon-font-awesome fa fa-map-marker-alt \" ><\/i><\/a>[\/vc_column][vc_column width=\u00bb1\/6&#8243;]<a itemprop=\"url\" href=\"https:\/\/contemporaneaeventi.com\/es\/stands\/stands-montecarlo\/\" target=\"_self\" style=\"text-transform: uppercase\" class=\"edgtf-btn edgtf-btn-medium edgtf-btn-solid edgtf-btn-icon\" data-move=\"strict\" data-text=\"Montecarlo\" >\n    <span class=\"edgtf-btn-text\">Montecarlo<\/span>\n    <i class=\"edgtf-icon-font-awesome fa fa-map-marker-alt \" ><\/i><\/a><a itemprop=\"url\" href=\"https:\/\/contemporaneaeventi.com\/es\/stands\/stands-stuttgart\/\" target=\"_self\" style=\"text-transform: uppercase\" class=\"edgtf-btn edgtf-btn-medium edgtf-btn-solid edgtf-btn-icon\" data-move=\"strict\" data-text=\"Stuttgart\" >\n    <span class=\"edgtf-btn-text\">Stuttgart<\/span>\n    <i class=\"edgtf-icon-font-awesome fa fa-map-marker-alt \" ><\/i><\/a><a itemprop=\"url\" href=\"https:\/\/contemporaneaeventi.com\/es\/stands\/stands-madrid\/\" target=\"_self\" style=\"text-transform: uppercase\" class=\"edgtf-btn edgtf-btn-medium edgtf-btn-solid edgtf-btn-icon\" data-move=\"strict\" data-text=\"Madrid\" >\n    <span class=\"edgtf-btn-text\">Madrid<\/span>\n    <i class=\"edgtf-icon-font-awesome fa fa-map-marker-alt \" ><\/i><\/a><a itemprop=\"url\" href=\"https:\/\/contemporaneaeventi.com\/es\/stands\/stands-bilbao\/\" target=\"_self\" style=\"text-transform: uppercase\" class=\"edgtf-btn edgtf-btn-medium edgtf-btn-solid edgtf-btn-icon\" data-move=\"strict\" data-text=\"Bilbao\" >\n    <span class=\"edgtf-btn-text\">Bilbao<\/span>\n    <i class=\"edgtf-icon-font-awesome fa fa-map-marker-alt \" ><\/i><\/a>[\/vc_column][vc_column width=\u00bb1\/6&#8243;]<a itemprop=\"url\" href=\"https:\/\/contemporaneaeventi.com\/es\/stands\/stands-dusseldorf\/\" target=\"_self\" style=\"text-transform: uppercase\" class=\"edgtf-btn edgtf-btn-medium edgtf-btn-solid edgtf-btn-icon\" data-move=\"strict\" data-text=\"D\u00fcsseldorf\" >\n    <span class=\"edgtf-btn-text\">D\u00fcsseldorf<\/span>\n    <i class=\"edgtf-icon-font-awesome fa fa-map-marker-alt \" ><\/i><\/a><a itemprop=\"url\" href=\"https:\/\/contemporaneaeventi.com\/es\/stands\/stands-lyon\/\" target=\"_self\" style=\"text-transform: uppercase\" class=\"edgtf-btn edgtf-btn-medium edgtf-btn-solid edgtf-btn-icon\" data-move=\"strict\" data-text=\"Lyon\" >\n    <span class=\"edgtf-btn-text\">Lyon<\/span>\n    <i class=\"edgtf-icon-font-awesome fa fa-map-marker-alt \" ><\/i><\/a><a itemprop=\"url\" href=\"https:\/\/contemporaneaeventi.com\/es\/stands\/stands-munich\/\" target=\"_self\" style=\"text-transform: uppercase\" class=\"edgtf-btn edgtf-btn-medium edgtf-btn-solid edgtf-btn-icon\" data-move=\"strict\" data-text=\"M\u00fanich\" >\n    <span class=\"edgtf-btn-text\">M\u00fanich<\/span>\n    <i class=\"edgtf-icon-font-awesome fa fa-map-marker-alt \" ><\/i><\/a><a itemprop=\"url\" href=\"https:\/\/contemporaneaeventi.com\/es\/stands\/stands-toulousse\/\" target=\"_self\" style=\"text-transform: uppercase\" class=\"edgtf-btn edgtf-btn-medium edgtf-btn-solid edgtf-btn-icon\" data-move=\"strict\" data-text=\"Toulousse\" >\n    <span class=\"edgtf-btn-text\">Toulousse<\/span>\n    <i class=\"edgtf-icon-font-awesome fa fa-map-marker-alt \" ><\/i><\/a>[\/vc_column][vc_column width=\u00bb1\/6&#8243;]<a itemprop=\"url\" href=\"https:\/\/contemporaneaeventi.com\/es\/stands\/stands-valencia\/\" target=\"_self\" style=\"text-transform: uppercase\" class=\"edgtf-btn edgtf-btn-medium edgtf-btn-solid edgtf-btn-icon\" data-move=\"strict\" data-text=\"Valencia\" >\n    <span class=\"edgtf-btn-text\">Valencia<\/span>\n    <i class=\"edgtf-icon-font-awesome fa fa-map-marker-alt \" ><\/i><\/a><a itemprop=\"url\" href=\"https:\/\/contemporaneaeventi.com\/es\/stands\/stands-bolonia\/\" target=\"_self\" style=\"text-transform: uppercase\" class=\"edgtf-btn edgtf-btn-medium edgtf-btn-solid edgtf-btn-icon\" data-move=\"strict\" data-text=\"Bolonia\" >\n    <span class=\"edgtf-btn-text\">Bolonia<\/span>\n    <i class=\"edgtf-icon-font-awesome fa fa-map-marker-alt \" ><\/i><\/a><a itemprop=\"url\" href=\"https:\/\/contemporaneaeventi.com\/es\/stands\/stands-frankfurt\/\" target=\"_self\" style=\"text-transform: uppercase\" class=\"edgtf-btn edgtf-btn-medium edgtf-btn-solid edgtf-btn-icon\" data-move=\"strict\" data-text=\"Fr\u00e1ncfort\" >\n    <span class=\"edgtf-btn-text\">Fr\u00e1ncfort<\/span>\n    <i class=\"edgtf-icon-font-awesome fa fa-map-marker-alt \" ><\/i><\/a><a itemprop=\"url\" href=\"https:\/\/contemporaneaeventi.com\/es\/stands\/stands-marsella\/\" target=\"_self\" style=\"text-transform: uppercase\" class=\"edgtf-btn edgtf-btn-medium edgtf-btn-solid edgtf-btn-icon\" data-move=\"strict\" data-text=\"Marsella\" >\n    <span class=\"edgtf-btn-text\">Marsella<\/span>\n    <i class=\"edgtf-icon-font-awesome fa fa-map-marker-alt \" ><\/i><\/a>[\/vc_column][vc_column width=\u00bb1\/6&#8243;]<a itemprop=\"url\" href=\"https:\/\/contemporaneaeventi.com\/es\/stands\/stands-oporto\/\" target=\"_self\" style=\"text-transform: uppercase\" class=\"edgtf-btn edgtf-btn-medium edgtf-btn-solid edgtf-btn-icon\" data-move=\"strict\" data-text=\"Oporto\" >\n    <span class=\"edgtf-btn-text\">Oporto<\/span>\n    <i class=\"edgtf-icon-font-awesome fa fa-map-marker-alt \" ><\/i><\/a><a itemprop=\"url\" href=\"https:\/\/contemporaneaeventi.com\/es\/stands\/stands-tours\/\" target=\"_self\" style=\"text-transform: uppercase\" class=\"edgtf-btn edgtf-btn-medium edgtf-btn-solid edgtf-btn-icon\" data-move=\"strict\" data-text=\"Tours\" >\n    <span class=\"edgtf-btn-text\">Tours<\/span>\n    <i class=\"edgtf-icon-font-awesome fa fa-map-marker-alt \" ><\/i><\/a><a itemprop=\"url\" href=\"https:\/\/contemporaneaeventi.com\/es\/stands\/stands-viena\/\" target=\"_self\" style=\"text-transform: uppercase\" class=\"edgtf-btn edgtf-btn-medium edgtf-btn-solid edgtf-btn-icon\" data-move=\"strict\" data-text=\"Viena\" >\n    <span class=\"edgtf-btn-text\">Viena<\/span>\n    <i class=\"edgtf-icon-font-awesome fa fa-map-marker-alt \" ><\/i><\/a><a itemprop=\"url\" href=\"https:\/\/contemporaneaeventi.com\/es\/stands\/stands-paris\/\" target=\"_self\" style=\"text-transform: uppercase\" class=\"edgtf-btn edgtf-btn-medium edgtf-btn-solid edgtf-btn-icon\" data-move=\"strict\" data-text=\"Par\u00eds\" >\n    <span class=\"edgtf-btn-text\">Par\u00eds<\/span>\n    <i class=\"edgtf-icon-font-awesome fa fa-map-marker-alt \" ><\/i><\/a>[\/vc_column][vc_column width=\u00bb1\/6&#8243;]<a itemprop=\"url\" href=\"https:\/\/contemporaneaeventi.com\/es\/stands\/stands-milan\/\" target=\"_self\" style=\"text-transform: uppercase\" class=\"edgtf-btn edgtf-btn-medium edgtf-btn-solid edgtf-btn-icon\" data-move=\"strict\" data-text=\"Milan\" >\n    <span class=\"edgtf-btn-text\">Milan<\/span>\n    <i class=\"edgtf-icon-font-awesome fa fa-map-marker-alt \" ><\/i><\/a><a itemprop=\"url\" href=\"https:\/\/contemporaneaeventi.com\/es\/stands\/stands-ginebra\/\" target=\"_self\" style=\"text-transform: uppercase\" class=\"edgtf-btn edgtf-btn-medium edgtf-btn-solid edgtf-btn-icon\" data-move=\"strict\" data-text=\"Ginebra\" >\n    <span class=\"edgtf-btn-text\">Ginebra<\/span>\n    <i class=\"edgtf-icon-font-awesome fa fa-map-marker-alt \" ><\/i><\/a><a itemprop=\"url\" href=\"https:\/\/contemporaneaeventi.com\/es\/stands\/stand-bruselas\/\" target=\"_self\" style=\"text-transform: uppercase\" class=\"edgtf-btn edgtf-btn-medium edgtf-btn-solid edgtf-btn-icon\" data-move=\"strict\" data-text=\"Bruselas\" >\n    <span class=\"edgtf-btn-text\">Bruselas<\/span>\n    <i class=\"edgtf-icon-font-awesome fa fa-map-marker-alt \" ><\/i><\/a><a itemprop=\"url\" href=\"https:\/\/contemporaneaeventi.com\/es\/stands\/stands-amsterdam\/\" target=\"_self\" style=\"text-transform: uppercase\" class=\"edgtf-btn edgtf-btn-medium edgtf-btn-solid edgtf-btn-icon\" data-move=\"strict\" data-text=\"\u00c1msterdam\" >\n    <span class=\"edgtf-btn-text\">\u00c1msterdam<\/span>\n    <i class=\"edgtf-icon-font-awesome fa fa-map-marker-alt \" ><\/i><\/a>[\/vc_column][\/vc_row]<\/p>\n","protected":false},"excerpt":{"rendered":"<p>[vc_row disable_element=\u00bbyes\u00bb el_class=\u00bbedgtf-index-over\u00bb][vc_column][\/vc_column][\/vc_row][vc_row disable_element=\u00bbyes\u00bb row_content_width=\u00bbgrid\u00bb][vc_column][vc_empty_space height=\u00bb50px\u00bb][vc_empty_space height=\u00bb50px\u00bb][vc_empty_space][vc_column_text] CONTEMPORANEA EVENTI AND INFARMA What do you need to set up your designer booth at INFARMA? Infarma is the European Pharmacy Meeting that integrates the European Pharmacies Conference and Medicine and Parapharmacy Exhibition. [&hellip;]<\/p>\n","protected":false},"author":1,"featured_media":0,"parent":41466,"menu_order":0,"comment_status":"closed","ping_status":"closed","template":"full-width.php","meta":{"inline_featured_image":false,"footnotes":""},"class_list":["post-48620","page","type-page","status-publish","hentry"],"yoast_head":"<!-- This site is optimized with the Yoast SEO plugin v27.4 - https:\/\/yoast.com\/product\/yoast-seo-wordpress\/ -->\n<title>Dise\u00f1o de Stands para Infarma | Contemporanea Eventi<\/title>\n<meta name=\"description\" content=\"Tu stand para la feria Infarma, totalmente personalizado. Ofrecemos un servicio completo de dise\u00f1o, fabricaci\u00f3n y montaje para garantizar tu \u00e9xito. \u00a1Cont\u00e1ctanos!\" \/>\n<meta name=\"robots\" content=\"index, follow, max-snippet:-1, max-image-preview:large, max-video-preview:-1\" \/>\n<link rel=\"canonical\" href=\"https:\/\/contemporaneaeventi.com\/es\/stands\/stands-infarma\/\" \/>\n<meta property=\"og:locale\" content=\"es_ES\" \/>\n<meta property=\"og:type\" content=\"article\" \/>\n<meta property=\"og:title\" content=\"Dise\u00f1o de Stands para Infarma | Contemporanea Eventi\" \/>\n<meta property=\"og:description\" content=\"Tu stand para la feria Infarma, totalmente personalizado. Ofrecemos un servicio completo de dise\u00f1o, fabricaci\u00f3n y montaje para garantizar tu \u00e9xito. \u00a1Cont\u00e1ctanos!\" \/>\n<meta property=\"og:url\" content=\"https:\/\/contemporaneaeventi.com\/es\/stands\/stands-infarma\/\" \/>\n<meta property=\"og:site_name\" content=\"Contemporanea Eventi\" \/>\n<meta property=\"article:modified_time\" content=\"2026-03-23T09:46:25+00:00\" \/>\n<meta property=\"og:image\" content=\"https:\/\/contemporaneaeventi.com\/wp-content\/uploads\/2023\/08\/cropped-favicon.png\" \/>\n\t<meta property=\"og:image:width\" content=\"512\" \/>\n\t<meta property=\"og:image:height\" content=\"512\" \/>\n\t<meta property=\"og:image:type\" content=\"image\/png\" \/>\n<meta name=\"twitter:card\" content=\"summary_large_image\" \/>\n<meta name=\"twitter:label1\" content=\"Tiempo de lectura\" \/>\n\t<meta name=\"twitter:data1\" content=\"6 minutos\" \/>\n<script type=\"application\/ld+json\" class=\"yoast-schema-graph\">{\"@context\":\"https:\\\/\\\/schema.org\",\"@graph\":[{\"@type\":\"WebPage\",\"@id\":\"https:\\\/\\\/contemporaneaeventi.com\\\/es\\\/stands\\\/stands-infarma\\\/\",\"url\":\"https:\\\/\\\/contemporaneaeventi.com\\\/es\\\/stands\\\/stands-infarma\\\/\",\"name\":\"Dise\u00f1o de Stands para Infarma | Contemporanea Eventi\",\"isPartOf\":{\"@id\":\"https:\\\/\\\/www.contemporaneaeventi.com\\\/es\\\/#website\"},\"datePublished\":\"2023-12-04T12:14:47+00:00\",\"dateModified\":\"2026-03-23T09:46:25+00:00\",\"description\":\"Tu stand para la feria Infarma, totalmente personalizado. Ofrecemos un servicio completo de dise\u00f1o, fabricaci\u00f3n y montaje para garantizar tu \u00e9xito. \u00a1Cont\u00e1ctanos!\",\"breadcrumb\":{\"@id\":\"https:\\\/\\\/contemporaneaeventi.com\\\/es\\\/stands\\\/stands-infarma\\\/#breadcrumb\"},\"inLanguage\":\"es\",\"potentialAction\":[{\"@type\":\"ReadAction\",\"target\":[\"https:\\\/\\\/contemporaneaeventi.com\\\/es\\\/stands\\\/stands-infarma\\\/\"]}]},{\"@type\":\"BreadcrumbList\",\"@id\":\"https:\\\/\\\/contemporaneaeventi.com\\\/es\\\/stands\\\/stands-infarma\\\/#breadcrumb\",\"itemListElement\":[{\"@type\":\"ListItem\",\"position\":1,\"name\":\"Portada\",\"item\":\"https:\\\/\\\/contemporaneaeventi.com\\\/es\\\/\"},{\"@type\":\"ListItem\",\"position\":2,\"name\":\"Exhibition Booth INFARMA\"}]},{\"@type\":\"WebSite\",\"@id\":\"https:\\\/\\\/www.contemporaneaeventi.com\\\/es\\\/#website\",\"url\":\"https:\\\/\\\/www.contemporaneaeventi.com\\\/es\\\/\",\"name\":\"Contemporanea Eventi\",\"description\":\"Contemporanea Eventi - WE \u2764 STANDS\",\"publisher\":{\"@id\":\"https:\\\/\\\/www.contemporaneaeventi.com\\\/es\\\/#organization\"},\"potentialAction\":[{\"@type\":\"SearchAction\",\"target\":{\"@type\":\"EntryPoint\",\"urlTemplate\":\"https:\\\/\\\/www.contemporaneaeventi.com\\\/es\\\/?s={search_term_string}\"},\"query-input\":{\"@type\":\"PropertyValueSpecification\",\"valueRequired\":true,\"valueName\":\"search_term_string\"}}],\"inLanguage\":\"es\"},{\"@type\":\"Organization\",\"@id\":\"https:\\\/\\\/www.contemporaneaeventi.com\\\/es\\\/#organization\",\"name\":\"Contemporanea Eventi\",\"alternateName\":\"Contemporanea Eventi\",\"url\":\"https:\\\/\\\/www.contemporaneaeventi.com\\\/es\\\/\",\"logo\":{\"@type\":\"ImageObject\",\"inLanguage\":\"es\",\"@id\":\"https:\\\/\\\/www.contemporaneaeventi.com\\\/es\\\/#\\\/schema\\\/logo\\\/image\\\/\",\"url\":\"https:\\\/\\\/contemporaneaeventi.com\\\/wp-content\\\/uploads\\\/2023\\\/05\\\/07-home.jpg\",\"contentUrl\":\"https:\\\/\\\/contemporaneaeventi.com\\\/wp-content\\\/uploads\\\/2023\\\/05\\\/07-home.jpg\",\"width\":900,\"height\":900,\"caption\":\"Contemporanea Eventi\"},\"image\":{\"@id\":\"https:\\\/\\\/www.contemporaneaeventi.com\\\/es\\\/#\\\/schema\\\/logo\\\/image\\\/\"}}]}<\/script>\n<!-- \/ Yoast SEO plugin. -->","yoast_head_json":{"title":"Dise\u00f1o de Stands para Infarma | Contemporanea Eventi","description":"Tu stand para la feria Infarma, totalmente personalizado. Ofrecemos un servicio completo de dise\u00f1o, fabricaci\u00f3n y montaje para garantizar tu \u00e9xito. \u00a1Cont\u00e1ctanos!","robots":{"index":"index","follow":"follow","max-snippet":"max-snippet:-1","max-image-preview":"max-image-preview:large","max-video-preview":"max-video-preview:-1"},"canonical":"https:\/\/contemporaneaeventi.com\/es\/stands\/stands-infarma\/","og_locale":"es_ES","og_type":"article","og_title":"Dise\u00f1o de Stands para Infarma | Contemporanea Eventi","og_description":"Tu stand para la feria Infarma, totalmente personalizado. Ofrecemos un servicio completo de dise\u00f1o, fabricaci\u00f3n y montaje para garantizar tu \u00e9xito. \u00a1Cont\u00e1ctanos!","og_url":"https:\/\/contemporaneaeventi.com\/es\/stands\/stands-infarma\/","og_site_name":"Contemporanea Eventi","article_modified_time":"2026-03-23T09:46:25+00:00","og_image":[{"width":512,"height":512,"url":"https:\/\/contemporaneaeventi.com\/wp-content\/uploads\/2023\/08\/cropped-favicon.png","type":"image\/png"}],"twitter_card":"summary_large_image","twitter_misc":{"Tiempo de lectura":"6 minutos"},"schema":{"@context":"https:\/\/schema.org","@graph":[{"@type":"WebPage","@id":"https:\/\/contemporaneaeventi.com\/es\/stands\/stands-infarma\/","url":"https:\/\/contemporaneaeventi.com\/es\/stands\/stands-infarma\/","name":"Dise\u00f1o de Stands para Infarma | Contemporanea Eventi","isPartOf":{"@id":"https:\/\/www.contemporaneaeventi.com\/es\/#website"},"datePublished":"2023-12-04T12:14:47+00:00","dateModified":"2026-03-23T09:46:25+00:00","description":"Tu stand para la feria Infarma, totalmente personalizado. Ofrecemos un servicio completo de dise\u00f1o, fabricaci\u00f3n y montaje para garantizar tu \u00e9xito. \u00a1Cont\u00e1ctanos!","breadcrumb":{"@id":"https:\/\/contemporaneaeventi.com\/es\/stands\/stands-infarma\/#breadcrumb"},"inLanguage":"es","potentialAction":[{"@type":"ReadAction","target":["https:\/\/contemporaneaeventi.com\/es\/stands\/stands-infarma\/"]}]},{"@type":"BreadcrumbList","@id":"https:\/\/contemporaneaeventi.com\/es\/stands\/stands-infarma\/#breadcrumb","itemListElement":[{"@type":"ListItem","position":1,"name":"Portada","item":"https:\/\/contemporaneaeventi.com\/es\/"},{"@type":"ListItem","position":2,"name":"Exhibition Booth INFARMA"}]},{"@type":"WebSite","@id":"https:\/\/www.contemporaneaeventi.com\/es\/#website","url":"https:\/\/www.contemporaneaeventi.com\/es\/","name":"Contemporanea Eventi","description":"Contemporanea Eventi - WE \u2764 STANDS","publisher":{"@id":"https:\/\/www.contemporaneaeventi.com\/es\/#organization"},"potentialAction":[{"@type":"SearchAction","target":{"@type":"EntryPoint","urlTemplate":"https:\/\/www.contemporaneaeventi.com\/es\/?s={search_term_string}"},"query-input":{"@type":"PropertyValueSpecification","valueRequired":true,"valueName":"search_term_string"}}],"inLanguage":"es"},{"@type":"Organization","@id":"https:\/\/www.contemporaneaeventi.com\/es\/#organization","name":"Contemporanea Eventi","alternateName":"Contemporanea Eventi","url":"https:\/\/www.contemporaneaeventi.com\/es\/","logo":{"@type":"ImageObject","inLanguage":"es","@id":"https:\/\/www.contemporaneaeventi.com\/es\/#\/schema\/logo\/image\/","url":"https:\/\/contemporaneaeventi.com\/wp-content\/uploads\/2023\/05\/07-home.jpg","contentUrl":"https:\/\/contemporaneaeventi.com\/wp-content\/uploads\/2023\/05\/07-home.jpg","width":900,"height":900,"caption":"Contemporanea Eventi"},"image":{"@id":"https:\/\/www.contemporaneaeventi.com\/es\/#\/schema\/logo\/image\/"}}]}},"_links":{"self":[{"href":"https:\/\/contemporaneaeventi.com\/es\/wp-json\/wp\/v2\/pages\/48620","targetHints":{"allow":["GET"]}}],"collection":[{"href":"https:\/\/contemporaneaeventi.com\/es\/wp-json\/wp\/v2\/pages"}],"about":[{"href":"https:\/\/contemporaneaeventi.com\/es\/wp-json\/wp\/v2\/types\/page"}],"author":[{"embeddable":true,"href":"https:\/\/contemporaneaeventi.com\/es\/wp-json\/wp\/v2\/users\/1"}],"replies":[{"embeddable":true,"href":"https:\/\/contemporaneaeventi.com\/es\/wp-json\/wp\/v2\/comments?post=48620"}],"version-history":[{"count":8,"href":"https:\/\/contemporaneaeventi.com\/es\/wp-json\/wp\/v2\/pages\/48620\/revisions"}],"predecessor-version":[{"id":48976,"href":"https:\/\/contemporaneaeventi.com\/es\/wp-json\/wp\/v2\/pages\/48620\/revisions\/48976"}],"up":[{"embeddable":true,"href":"https:\/\/contemporaneaeventi.com\/es\/wp-json\/wp\/v2\/pages\/41466"}],"wp:attachment":[{"href":"https:\/\/contemporaneaeventi.com\/es\/wp-json\/wp\/v2\/media?parent=48620"}],"curies":[{"name":"wp","href":"https:\/\/api.w.org\/{rel}","templated":true}]}}