{"id":41537,"date":"2022-11-09T13:17:42","date_gmt":"2022-11-09T12:17:42","guid":{"rendered":"https:\/\/contemporaneaeventi.com\/stands\/stand-berlin\/"},"modified":"2026-04-07T08:13:09","modified_gmt":"2026-04-07T07:13:09","slug":"berlin","status":"publish","type":"page","link":"https:\/\/contemporaneaeventi.com\/es\/stands\/berlin\/","title":{"rendered":"Stands Berl\u00edn"},"content":{"rendered":"<p>[vc_row][vc_column][vc_column_text]<\/p>\n<h1>STAND BERLIN: DISE\u00d1O Y CONSTRUCCI\u00d3N<\/h1>\n<p>[\/vc_column_text][vc_empty_space][\/vc_column][\/vc_row][vc_row][vc_column][vc_column_text]<\/p>\n<p>\u00bfPor qu\u00e9 necesitas un <strong>stand en Berl\u00edn<\/strong> y por qu\u00e9 tu empresa necesita participar en distintos eventos y ferias de la ciudad? \u00a1Te damos algunas razones! Berl\u00edn es la ciudad m\u00e1s habitada de Alemania y de la Europa Central, as\u00ed como tambi\u00e9n una de las ciudades m\u00e1s influyentes, pol\u00edticamente hablando, de la Uni\u00f3n Europea. Adem\u00e1s, su econom\u00eda est\u00e1 basada principalmente en sus empresas de alta tecnolog\u00eda y el sector del servicio, incluyendo un amplio rango de industrias creativas, organismos de investigaci\u00f3n y corporaciones de medios.<\/p>\n<p>Contemporanea Eventi puede dise\u00f1ar y planificar tu stand en Berl\u00edn enfoc\u00e1ndonos en tu participaci\u00f3n en esta innovadora y altamente exigente ciudad de negocios, que alberga 53 ferias comerciales distintas.<\/p>\n<p>\u00bfQu\u00e9 empresa no querr\u00eda exhibirse en este atractivo y sorprendente centro de inter\u00e9s para el mundo empresarial, pol\u00edtico y social? Tener un stand en Berl\u00edn es un hecho de car\u00e1cter obligatorio para cualquier empresa que busque expandir y atraer nuevos clientes. En Contemporanea Eventi contamos con <strong>20 a\u00f1os de experiencia en el dise\u00f1o de stands<\/strong>, por lo que disponemos de los conocimientos necesarios para convertir tu stand en un puesto \u00fanico para visitantes y clientes.<\/p>\n<p>[\/vc_column_text][vc_empty_space][vc_video link=\u00bbhttps:\/\/www.youtube.com\/watch?v=oYzwfPbg60Y&amp;t=1s&amp;ab_channel=ContemporaneaEventi%C2%B7STANDSDEDISE%C3%91O\u00bb][vc_empty_space][vc_column_text]<\/p>\n<h2>DISE\u00d1O EXCEPCIONAL Y CREATIVO<\/h2>\n<p>Nuestra prioridad es conseguir un resultado exitoso para tu stand en Berl\u00edn, lo que implica crear el mejor dise\u00f1o para ti, una imagen que refleje exactamente la esencia de tu negocio y lo que ofrece tanto al p\u00fablico alem\u00e1n como a los visitantes extranjeros.<\/p>\n<p>La eficiencia de tu stand en Berl\u00edn radicar\u00e1 tambi\u00e9n en nuestra amplia red de contactos internacionales, que abarca desde contratistas e impresores hasta servicios de hosteler\u00eda, transporte, floristas, catering y m\u00fasicos. Todos nuestros compa\u00f1eros se encuentran a tu disposici\u00f3n, y podremos conseguir llevar a la pr\u00e1ctica cualquier requerimiento o sugerencia gracias a nuestra experiencia.<\/p>\n<p>Berl\u00edn se est\u00e1 especializando cada vez m\u00e1s en \u00e1reas como el e-commerce, los medios digitales y la industria de los juegos en las redes sociales. De hecho, la sede de Universal Music y Sony Music\u2019s se encuentra en Berl\u00edn, y aqu\u00ed es donde entra Contemporanea Eventi. Nuestro s\u00f3lido conocimiento en se\u00f1alizaci\u00f3n digital para iluminaci\u00f3n y sonido es nuestro mejor activo para tu stand en Berl\u00edn.[\/vc_column_text][vc_empty_space]<div class=\"edgtf-portfolio-list-holder edgtf-grid-list edgtf-pl-gallery edgtf-three-columns edgtf-no-space edgtf-disable-bottom-space edgtf-pl-gallery-overlay    edgtf-pl-pag-no-pagination        \"  data-type=gallery data-number-of-columns=three data-space-between-items=no data-number-of-items=6 data-image-proportions=square data-enable-fixed-proportions=no data-enable-image-shadow=no data-category=mwc data-orderby=date data-order=ASC data-item-style=gallery-overlay data-inverted=no data-enable-title=yes data-title-tag=h6 data-enable-category=yes data-enable-count-images=yes data-enable-excerpt=no data-excerpt-length=20 data-pagination-type=no-pagination data-filter=no data-filter-order-by=name data-enable-article-animation=no data-enable-parallax-scrolling=no data-portfolio-slider-on=no data-enable-loop=yes data-enable-autoplay=yes data-enable-scroll=yes data-slider-speed=5000 data-slider-speed-animation=600 data-enable-navigation=yes data-enable-pagination=yes data-enable-more-link=no data-more-link-text=Seemore data-break-more-link=yes data-max-num-pages=9 data-next-page=2>\n\t\t<div class=\"edgtf-pl-inner edgtf-outer-space  clearfix\">\n\t\t    <article class=\"edgtf-pl-item edgtf-item-space  post-43089 portfolio-item type-portfolio-item status-publish has-post-thumbnail hentry portfolio-category-mwc-es portfolio-category-stands-es\" >\n\n    <div class=\"edgtf-pl-item-inner \">\n\t\t\n<div class=\"edgtf-pli-image\">\n\t<img loading=\"lazy\" decoding=\"async\" width=\"650\" height=\"650\" src=\"https:\/\/contemporaneaeventi.com\/wp-content\/uploads\/2023\/03\/dtone-MWC2023-650x650.jpg\" class=\"attachment-manon_edge_image_square size-manon_edge_image_square wp-post-image\" alt=\"\" srcset=\"https:\/\/contemporaneaeventi.com\/wp-content\/uploads\/2023\/03\/dtone-MWC2023-650x650.jpg 650w, https:\/\/contemporaneaeventi.com\/wp-content\/uploads\/2023\/03\/dtone-MWC2023-150x150.jpg 150w\" sizes=\"auto, (max-width: 650px) 100vw, 650px\" \/>    <\/div>\t<div class=\"edgtf-pli-text-holder\">\n\t\t<div class=\"edgtf-pli-text-wrapper\">\n\t\t\t<div class=\"edgtf-pli-text\">\n\t\t\t\t    <h6 itemprop=\"name\" class=\"edgtf-pli-title entry-title\" >\n        <a itemprop=\"url\" href=\"https:\/\/contemporaneaeventi.com\/es\/portfolio-item\/dt-one\/\" target=\"_self\">\n            DT One        <\/a>\n\t<\/h6>\n\n\t\t\t\t\n\t\t\t\t\t\t<div class=\"edgtf-pli-category-holder\">\n\t\t\t\t\t\t\t<a itemprop=\"url\" class=\"edgtf-pli-category\" href=\"https:\/\/contemporaneaeventi.com\/es\/portfolio-categoria\/mwc-es\/\">MWC<\/a>\n\t\t\t\t\t\t\t<a itemprop=\"url\" class=\"edgtf-pli-category\" href=\"https:\/\/contemporaneaeventi.com\/es\/portfolio-categoria\/stands-es\/\">stands<\/a>\n\t\t\t\t\t<\/div>\n\t\t\t\t\t\n\t\t\t\t\t\t\t\t\n\t\t\t\t\n\t\t\t\t<a itemprop=\"url\" class=\"edgtf-pli-link edgtf-block-drag-link\" href=\"https:\/\/contemporaneaeventi.com\/es\/portfolio-item\/dt-one\/\" target=\"_self\"><\/a>\n\t\t\t<\/div>\n\t\t<\/div>\n\t<\/div>\n    <\/div>\n\n    <\/article>\n    <article class=\"edgtf-pl-item edgtf-item-space  post-43094 portfolio-item type-portfolio-item status-publish has-post-thumbnail hentry portfolio-category-mwc-es portfolio-category-stands-es\" >\n\n    <div class=\"edgtf-pl-item-inner \">\n\t\t\n<div class=\"edgtf-pli-image\">\n\t<img loading=\"lazy\" decoding=\"async\" width=\"650\" height=\"650\" src=\"https:\/\/contemporaneaeventi.com\/wp-content\/uploads\/2023\/03\/eset-MWC2023-650x650.jpg\" class=\"attachment-manon_edge_image_square size-manon_edge_image_square wp-post-image\" alt=\"\" srcset=\"https:\/\/contemporaneaeventi.com\/wp-content\/uploads\/2023\/03\/eset-MWC2023-650x650.jpg 650w, https:\/\/contemporaneaeventi.com\/wp-content\/uploads\/2023\/03\/eset-MWC2023-150x150.jpg 150w\" sizes=\"auto, (max-width: 650px) 100vw, 650px\" \/>    <\/div>\t<div class=\"edgtf-pli-text-holder\">\n\t\t<div class=\"edgtf-pli-text-wrapper\">\n\t\t\t<div class=\"edgtf-pli-text\">\n\t\t\t\t    <h6 itemprop=\"name\" class=\"edgtf-pli-title entry-title\" >\n        <a itemprop=\"url\" href=\"https:\/\/contemporaneaeventi.com\/es\/portfolio-item\/eset\/\" target=\"_self\">\n            eset        <\/a>\n\t<\/h6>\n\n\t\t\t\t\n\t\t\t\t\t\t<div class=\"edgtf-pli-category-holder\">\n\t\t\t\t\t\t\t<a itemprop=\"url\" class=\"edgtf-pli-category\" href=\"https:\/\/contemporaneaeventi.com\/es\/portfolio-categoria\/mwc-es\/\">MWC<\/a>\n\t\t\t\t\t\t\t<a itemprop=\"url\" class=\"edgtf-pli-category\" href=\"https:\/\/contemporaneaeventi.com\/es\/portfolio-categoria\/stands-es\/\">stands<\/a>\n\t\t\t\t\t<\/div>\n\t\t\t\t\t\n\t\t\t\t\t\t\t\t\n\t\t\t\t\n\t\t\t\t<a itemprop=\"url\" class=\"edgtf-pli-link edgtf-block-drag-link\" href=\"https:\/\/contemporaneaeventi.com\/es\/portfolio-item\/eset\/\" target=\"_self\"><\/a>\n\t\t\t<\/div>\n\t\t<\/div>\n\t<\/div>\n    <\/div>\n\n    <\/article>\n    <article class=\"edgtf-pl-item edgtf-item-space  post-43098 portfolio-item type-portfolio-item status-publish has-post-thumbnail hentry portfolio-category-mwc-es portfolio-category-stands-es\" >\n\n    <div class=\"edgtf-pl-item-inner \">\n\t\t\n<div class=\"edgtf-pli-image\">\n\t<img loading=\"lazy\" decoding=\"async\" width=\"650\" height=\"650\" src=\"https:\/\/contemporaneaeventi.com\/wp-content\/uploads\/2023\/03\/infobip-MWC2023-650x650.jpg\" class=\"attachment-manon_edge_image_square size-manon_edge_image_square wp-post-image\" alt=\"\" srcset=\"https:\/\/contemporaneaeventi.com\/wp-content\/uploads\/2023\/03\/infobip-MWC2023-650x650.jpg 650w, https:\/\/contemporaneaeventi.com\/wp-content\/uploads\/2023\/03\/infobip-MWC2023-150x150.jpg 150w\" sizes=\"auto, (max-width: 650px) 100vw, 650px\" \/>    <\/div>\t<div class=\"edgtf-pli-text-holder\">\n\t\t<div class=\"edgtf-pli-text-wrapper\">\n\t\t\t<div class=\"edgtf-pli-text\">\n\t\t\t\t    <h6 itemprop=\"name\" class=\"edgtf-pli-title entry-title\" >\n        <a itemprop=\"url\" href=\"https:\/\/contemporaneaeventi.com\/es\/portfolio-item\/infobip-5\/\" target=\"_self\">\n            infobip        <\/a>\n\t<\/h6>\n\n\t\t\t\t\n\t\t\t\t\t\t<div class=\"edgtf-pli-category-holder\">\n\t\t\t\t\t\t\t<a itemprop=\"url\" class=\"edgtf-pli-category\" href=\"https:\/\/contemporaneaeventi.com\/es\/portfolio-categoria\/mwc-es\/\">MWC<\/a>\n\t\t\t\t\t\t\t<a itemprop=\"url\" class=\"edgtf-pli-category\" href=\"https:\/\/contemporaneaeventi.com\/es\/portfolio-categoria\/stands-es\/\">stands<\/a>\n\t\t\t\t\t<\/div>\n\t\t\t\t\t\n\t\t\t\t\t\t\t\t\n\t\t\t\t\n\t\t\t\t<a itemprop=\"url\" class=\"edgtf-pli-link edgtf-block-drag-link\" href=\"https:\/\/contemporaneaeventi.com\/es\/portfolio-item\/infobip-5\/\" target=\"_self\"><\/a>\n\t\t\t<\/div>\n\t\t<\/div>\n\t<\/div>\n    <\/div>\n\n    <\/article>\n    <article class=\"edgtf-pl-item edgtf-item-space  post-43103 portfolio-item type-portfolio-item status-publish has-post-thumbnail hentry portfolio-category-mwc-es portfolio-category-stands-es\" >\n\n    <div class=\"edgtf-pl-item-inner \">\n\t\t\n<div class=\"edgtf-pli-image\">\n\t<img loading=\"lazy\" decoding=\"async\" width=\"650\" height=\"650\" src=\"https:\/\/contemporaneaeventi.com\/wp-content\/uploads\/2023\/03\/infovista-MWC2023-650x650.jpg\" class=\"attachment-manon_edge_image_square size-manon_edge_image_square wp-post-image\" alt=\"\" srcset=\"https:\/\/contemporaneaeventi.com\/wp-content\/uploads\/2023\/03\/infovista-MWC2023-650x650.jpg 650w, https:\/\/contemporaneaeventi.com\/wp-content\/uploads\/2023\/03\/infovista-MWC2023-150x150.jpg 150w\" sizes=\"auto, (max-width: 650px) 100vw, 650px\" \/>    <\/div>\t<div class=\"edgtf-pli-text-holder\">\n\t\t<div class=\"edgtf-pli-text-wrapper\">\n\t\t\t<div class=\"edgtf-pli-text\">\n\t\t\t\t    <h6 itemprop=\"name\" class=\"edgtf-pli-title entry-title\" >\n        <a itemprop=\"url\" href=\"https:\/\/contemporaneaeventi.com\/es\/portfolio-item\/infovista\/\" target=\"_self\">\n            infovista        <\/a>\n\t<\/h6>\n\n\t\t\t\t\n\t\t\t\t\t\t<div class=\"edgtf-pli-category-holder\">\n\t\t\t\t\t\t\t<a itemprop=\"url\" class=\"edgtf-pli-category\" href=\"https:\/\/contemporaneaeventi.com\/es\/portfolio-categoria\/mwc-es\/\">MWC<\/a>\n\t\t\t\t\t\t\t<a itemprop=\"url\" class=\"edgtf-pli-category\" href=\"https:\/\/contemporaneaeventi.com\/es\/portfolio-categoria\/stands-es\/\">stands<\/a>\n\t\t\t\t\t<\/div>\n\t\t\t\t\t\n\t\t\t\t\t\t\t\t\n\t\t\t\t\n\t\t\t\t<a itemprop=\"url\" class=\"edgtf-pli-link edgtf-block-drag-link\" href=\"https:\/\/contemporaneaeventi.com\/es\/portfolio-item\/infovista\/\" target=\"_self\"><\/a>\n\t\t\t<\/div>\n\t\t<\/div>\n\t<\/div>\n    <\/div>\n\n    <\/article>\n    <article class=\"edgtf-pl-item edgtf-item-space  post-43108 portfolio-item type-portfolio-item status-publish has-post-thumbnail hentry portfolio-category-mwc-es portfolio-category-stands-es\" >\n\n    <div class=\"edgtf-pl-item-inner \">\n\t\t\n<div class=\"edgtf-pli-image\">\n\t<img loading=\"lazy\" decoding=\"async\" width=\"650\" height=\"650\" src=\"https:\/\/contemporaneaeventi.com\/wp-content\/uploads\/2023\/03\/Lleida-MWC2023-650x650.jpg\" class=\"attachment-manon_edge_image_square size-manon_edge_image_square wp-post-image\" alt=\"\" srcset=\"https:\/\/contemporaneaeventi.com\/wp-content\/uploads\/2023\/03\/Lleida-MWC2023-650x650.jpg 650w, https:\/\/contemporaneaeventi.com\/wp-content\/uploads\/2023\/03\/Lleida-MWC2023-150x150.jpg 150w\" sizes=\"auto, (max-width: 650px) 100vw, 650px\" \/>    <\/div>\t<div class=\"edgtf-pli-text-holder\">\n\t\t<div class=\"edgtf-pli-text-wrapper\">\n\t\t\t<div class=\"edgtf-pli-text\">\n\t\t\t\t    <h6 itemprop=\"name\" class=\"edgtf-pli-title entry-title\" >\n        <a itemprop=\"url\" href=\"https:\/\/contemporaneaeventi.com\/es\/portfolio-item\/lleida-2\/\" target=\"_self\">\n            Lleida        <\/a>\n\t<\/h6>\n\n\t\t\t\t\n\t\t\t\t\t\t<div class=\"edgtf-pli-category-holder\">\n\t\t\t\t\t\t\t<a itemprop=\"url\" class=\"edgtf-pli-category\" href=\"https:\/\/contemporaneaeventi.com\/es\/portfolio-categoria\/mwc-es\/\">MWC<\/a>\n\t\t\t\t\t\t\t<a itemprop=\"url\" class=\"edgtf-pli-category\" href=\"https:\/\/contemporaneaeventi.com\/es\/portfolio-categoria\/stands-es\/\">stands<\/a>\n\t\t\t\t\t<\/div>\n\t\t\t\t\t\n\t\t\t\t\t\t\t\t\n\t\t\t\t\n\t\t\t\t<a itemprop=\"url\" class=\"edgtf-pli-link edgtf-block-drag-link\" href=\"https:\/\/contemporaneaeventi.com\/es\/portfolio-item\/lleida-2\/\" target=\"_self\"><\/a>\n\t\t\t<\/div>\n\t\t<\/div>\n\t<\/div>\n    <\/div>\n\n    <\/article>\n    <article class=\"edgtf-pl-item edgtf-item-space  post-43112 portfolio-item type-portfolio-item status-publish has-post-thumbnail hentry portfolio-category-mwc-es portfolio-category-stands-es\" >\n\n    <div class=\"edgtf-pl-item-inner \">\n\t\t\n<div class=\"edgtf-pli-image\">\n\t<img loading=\"lazy\" decoding=\"async\" width=\"650\" height=\"650\" src=\"https:\/\/contemporaneaeventi.com\/wp-content\/uploads\/2023\/03\/msl-MWC2023-650x650.jpg\" class=\"attachment-manon_edge_image_square size-manon_edge_image_square wp-post-image\" alt=\"\" srcset=\"https:\/\/contemporaneaeventi.com\/wp-content\/uploads\/2023\/03\/msl-MWC2023-650x650.jpg 650w, https:\/\/contemporaneaeventi.com\/wp-content\/uploads\/2023\/03\/msl-MWC2023-150x150.jpg 150w\" sizes=\"auto, (max-width: 650px) 100vw, 650px\" \/>    <\/div>\t<div class=\"edgtf-pli-text-holder\">\n\t\t<div class=\"edgtf-pli-text-wrapper\">\n\t\t\t<div class=\"edgtf-pli-text\">\n\t\t\t\t    <h6 itemprop=\"name\" class=\"edgtf-pli-title entry-title\" >\n        <a itemprop=\"url\" href=\"https:\/\/contemporaneaeventi.com\/es\/portfolio-item\/msl\/\" target=\"_self\">\n            msi        <\/a>\n\t<\/h6>\n\n\t\t\t\t\n\t\t\t\t\t\t<div class=\"edgtf-pli-category-holder\">\n\t\t\t\t\t\t\t<a itemprop=\"url\" class=\"edgtf-pli-category\" href=\"https:\/\/contemporaneaeventi.com\/es\/portfolio-categoria\/mwc-es\/\">MWC<\/a>\n\t\t\t\t\t\t\t<a itemprop=\"url\" class=\"edgtf-pli-category\" href=\"https:\/\/contemporaneaeventi.com\/es\/portfolio-categoria\/stands-es\/\">stands<\/a>\n\t\t\t\t\t<\/div>\n\t\t\t\t\t\n\t\t\t\t\t\t\t\t\n\t\t\t\t\n\t\t\t\t<a itemprop=\"url\" class=\"edgtf-pli-link edgtf-block-drag-link\" href=\"https:\/\/contemporaneaeventi.com\/es\/portfolio-item\/msl\/\" target=\"_self\"><\/a>\n\t\t\t<\/div>\n\t\t<\/div>\n\t<\/div>\n    <\/div>\n\n    <\/article>\n\t<\/div>\n\t\n\t\n    <\/div>\n[vc_empty_space][vc_column_text]<\/p>\n<h2>CREANDO UN STAND EN BERL\u00cdN CON NUESTROS CLIENTES<\/h2>\n<p>Cuando se trata de dise\u00f1ar tu stand en Berl\u00edn, nuestro personal se convertir\u00e1 en parte de tu empresa. Nuestro principal objetivo es crear un stand totalmente personalizado, huyendo de aplicar procesos mec\u00e1nicos de copiar y pegar. Para ello, desde el momento en que nos visites escucharemos tus necesidades de ideas, interpret\u00e1ndolas y entendi\u00e9ndolas para conseguir un dise\u00f1o que te represente a ti y a los valores de tu empresa de una forma creativa e innovador, siempre cumpliendo con los mejores est\u00e1ndares. La imagen, la presentaci\u00f3n y la comodidad de tu stand en Berl\u00edn hablar\u00e1 de tu empresa sin necesidad de emplear palabras.<\/p>\n<p>Nuestro trabajo es hacer que todo esto ocurra gener\u00e1ndote las menores preocupaciones y molestias posibles. Es lo que conocemos como trabajo en equipo: caminaremos a tu lado desde el inicio de la creaci\u00f3n del stand hasta su desmantelamiento cuando termine el evento.[\/vc_column_text][vc_empty_space][vc_column_text]<\/p>\n<h2>EXPANSI\u00d3N INTERNACIONAL<\/h2>\n<p>Cuando hablamos de ferias y de comercios, nos estamos moviendo en un escenario internacional, algo que forma parte de la expansi\u00f3n de Contemporanea Eventi. Los negocios exitosos necesitan una proyecci\u00f3n global, \u00a1y nosotros lo hemos logrado! Hemos desarrollado una red de contactos confiables, experimentados y profesionales que trabajan bajo nuestros est\u00e1ndares de eficiencia, calidad e innovaci\u00f3n. No importa d\u00f3nde requieras tu stand o c\u00f3mo lo quieras, nosotros estaremos aqu\u00ed para satisfacer tus necesidades.<\/p>\n<p>Contemporanea Eventi est\u00e1 presente en otros pa\u00edses y tenemos oficinas en Madrid, Varsovia y Bolonia, as\u00ed como tambi\u00e9n en Barcelona.[\/vc_column_text][vc_empty_space][vc_column_text]<\/p>\n<h2>FERIAS EN BERL\u00cdN<\/h2>\n<p>La ciudad de Berl\u00edn acoge alrededor de 53 ferias comerciales cada a\u00f1o, convirti\u00e9ndose as\u00ed en un centro de reubicaci\u00f3n de negocios e inversiones internacionales.<\/p>\n<p>El Science and Business Park de Adlershof es uno de los 15 parques tecnol\u00f3gicos m\u00e1s grandes del mundo, aunque hay otros parques de distintos tama\u00f1os y en distintos lugares.<\/p>\n<p>Berlin ExpoCenter City, Messe Berlin en alem\u00e1n, es la empresa organizadora de convenciones m\u00e1s importante de la ciudad. La IFA, la Semana de la Moda de Berl\u00edn, la Semana Verde o la feria er\u00f3tica de Venus, entre otras, se celebran anualmente en la ciudad y atraen a un gran n\u00famero de empresarios, inversores y visitantes.<\/p>\n<p>No dejes escapar la oportunidad de tener tu stand en Berl\u00edn en cualquiera de sus ferias. \u00a1Lo hacemos posible para ti.[\/vc_column_text][vc_empty_space]<a itemprop=\"url\" href=\"\/es\/contacto\/\" target=\"_self\" style=\"text-transform: uppercase\" class=\"edgtf-btn edgtf-btn-huge edgtf-btn-solid edgtf-btn-icon\" data-move=\"strict\" data-text=\"SOLICITAR PRESUPUESTO\" >\n    <span class=\"edgtf-btn-text\">SOLICITAR PRESUPUESTO<\/span>\n    <i class=\"edgtf-icon-font-awesome fa fa-arrow-right \" ><\/i><\/a>[vc_empty_space][vc_column_text]<\/p>\n<h4>RELLENAR EL FORMULARIO<\/h4>\n<h5>para recibir m\u00e1s informaci\u00f3n<\/h5>\n<p>[\/vc_column_text][vc_empty_space][vc_raw_html]JTVCd3Bmb3JtcyUyMGlkJTNEJTIyNDcyMDElMjIlNUQ=[\/vc_raw_html][vc_empty_space][\/vc_column][\/vc_row][vc_row][vc_column][vc_column_text]<\/p>\n<h2>PRINCIPALES CIUDADES DONDE SE DISE\u00d1AN NUESTROS MEJORES STANDS<\/h2>\n<p>[\/vc_column_text][vc_empty_space][\/vc_column][\/vc_row][vc_row][vc_column width=\u00bb1\/6&#8243;]<a itemprop=\"url\" href=\"https:\/\/contemporaneaeventi.com\/es\/stands\/stands-barcelona\/\" target=\"_self\" style=\"text-transform: uppercase\" class=\"edgtf-btn edgtf-btn-medium edgtf-btn-solid edgtf-btn-icon\" data-move=\"strict\" data-text=\"Barcelona\" >\n    <span class=\"edgtf-btn-text\">Barcelona<\/span>\n    <i class=\"edgtf-icon-font-awesome fa fa-map-marker-alt \" ><\/i><\/a><a itemprop=\"url\" href=\"https:\/\/contemporaneaeventi.com\/es\/stands\/stands-berlin\/\" target=\"_self\" style=\"text-transform: uppercase\" class=\"edgtf-btn edgtf-btn-medium edgtf-btn-solid edgtf-btn-icon\" data-move=\"strict\" data-text=\"Berl\u00edn\" >\n    <span class=\"edgtf-btn-text\">Berl\u00edn<\/span>\n    <i class=\"edgtf-icon-font-awesome fa fa-map-marker-alt \" ><\/i><\/a><a itemprop=\"url\" href=\"https:\/\/contemporaneaeventi.com\/es\/stands\/stands-colonia\/\" target=\"_self\" style=\"text-transform: uppercase\" class=\"edgtf-btn edgtf-btn-medium edgtf-btn-solid edgtf-btn-icon\" data-move=\"strict\" data-text=\"Colonia\" >\n    <span class=\"edgtf-btn-text\">Colonia<\/span>\n    <i class=\"edgtf-icon-font-awesome fa fa-map-marker-alt \" ><\/i><\/a><a itemprop=\"url\" href=\"https:\/\/contemporaneaeventi.com\/es\/stands\/stands-lisboa\/\" target=\"_self\" style=\"text-transform: uppercase\" class=\"edgtf-btn edgtf-btn-medium edgtf-btn-solid edgtf-btn-icon\" data-move=\"strict\" data-text=\"Lisboa\" >\n    <span class=\"edgtf-btn-text\">Lisboa<\/span>\n    <i class=\"edgtf-icon-font-awesome fa fa-map-marker-alt \" ><\/i><\/a>[\/vc_column][vc_column width=\u00bb1\/6&#8243;]<a itemprop=\"url\" href=\"https:\/\/contemporaneaeventi.com\/es\/stands\/stands-montecarlo\/\" target=\"_self\" style=\"text-transform: uppercase\" class=\"edgtf-btn edgtf-btn-medium edgtf-btn-solid edgtf-btn-icon\" data-move=\"strict\" data-text=\"Montecarlo\" >\n    <span class=\"edgtf-btn-text\">Montecarlo<\/span>\n    <i class=\"edgtf-icon-font-awesome fa fa-map-marker-alt \" ><\/i><\/a><a itemprop=\"url\" href=\"https:\/\/contemporaneaeventi.com\/es\/stands\/stands-stuttgart\/\" target=\"_self\" style=\"text-transform: uppercase\" class=\"edgtf-btn edgtf-btn-medium edgtf-btn-solid edgtf-btn-icon\" data-move=\"strict\" data-text=\"Stuttgart\" >\n    <span class=\"edgtf-btn-text\">Stuttgart<\/span>\n    <i class=\"edgtf-icon-font-awesome fa fa-map-marker-alt \" ><\/i><\/a><a itemprop=\"url\" href=\"https:\/\/contemporaneaeventi.com\/es\/stands\/stands-madrid\/\" target=\"_self\" style=\"text-transform: uppercase\" class=\"edgtf-btn edgtf-btn-medium edgtf-btn-solid edgtf-btn-icon\" data-move=\"strict\" data-text=\"Madrid\" >\n    <span class=\"edgtf-btn-text\">Madrid<\/span>\n    <i class=\"edgtf-icon-font-awesome fa fa-map-marker-alt \" ><\/i><\/a><a itemprop=\"url\" href=\"https:\/\/contemporaneaeventi.com\/es\/stands\/stands-bilbao\/\" target=\"_self\" style=\"text-transform: uppercase\" class=\"edgtf-btn edgtf-btn-medium edgtf-btn-solid edgtf-btn-icon\" data-move=\"strict\" data-text=\"Bilbao\" >\n    <span class=\"edgtf-btn-text\">Bilbao<\/span>\n    <i class=\"edgtf-icon-font-awesome fa fa-map-marker-alt \" ><\/i><\/a>[\/vc_column][vc_column width=\u00bb1\/6&#8243;]<a itemprop=\"url\" href=\"https:\/\/contemporaneaeventi.com\/es\/stands\/stands-dusseldorf\/\" target=\"_self\" style=\"text-transform: uppercase\" class=\"edgtf-btn edgtf-btn-medium edgtf-btn-solid edgtf-btn-icon\" data-move=\"strict\" data-text=\"D\u00fcsseldorf\" >\n    <span class=\"edgtf-btn-text\">D\u00fcsseldorf<\/span>\n    <i class=\"edgtf-icon-font-awesome fa fa-map-marker-alt \" ><\/i><\/a><a itemprop=\"url\" href=\"https:\/\/contemporaneaeventi.com\/es\/stands\/stands-lyon\/\" target=\"_self\" style=\"text-transform: uppercase\" class=\"edgtf-btn edgtf-btn-medium edgtf-btn-solid edgtf-btn-icon\" data-move=\"strict\" data-text=\"Lyon\" >\n    <span class=\"edgtf-btn-text\">Lyon<\/span>\n    <i class=\"edgtf-icon-font-awesome fa fa-map-marker-alt \" ><\/i><\/a><a itemprop=\"url\" href=\"https:\/\/contemporaneaeventi.com\/es\/stands\/stands-munich\/\" target=\"_self\" style=\"text-transform: uppercase\" class=\"edgtf-btn edgtf-btn-medium edgtf-btn-solid edgtf-btn-icon\" data-move=\"strict\" data-text=\"M\u00fanich\" >\n    <span class=\"edgtf-btn-text\">M\u00fanich<\/span>\n    <i class=\"edgtf-icon-font-awesome fa fa-map-marker-alt \" ><\/i><\/a><a itemprop=\"url\" href=\"https:\/\/contemporaneaeventi.com\/es\/stands\/stands-toulousse\/\" target=\"_self\" style=\"text-transform: uppercase\" class=\"edgtf-btn edgtf-btn-medium edgtf-btn-solid edgtf-btn-icon\" data-move=\"strict\" data-text=\"Toulousse\" >\n    <span class=\"edgtf-btn-text\">Toulousse<\/span>\n    <i class=\"edgtf-icon-font-awesome fa fa-map-marker-alt \" ><\/i><\/a>[\/vc_column][vc_column width=\u00bb1\/6&#8243;]<a itemprop=\"url\" href=\"https:\/\/contemporaneaeventi.com\/es\/stands\/stands-valencia\/\" target=\"_self\" style=\"text-transform: uppercase\" class=\"edgtf-btn edgtf-btn-medium edgtf-btn-solid edgtf-btn-icon\" data-move=\"strict\" data-text=\"Valencia\" >\n    <span class=\"edgtf-btn-text\">Valencia<\/span>\n    <i class=\"edgtf-icon-font-awesome fa fa-map-marker-alt \" ><\/i><\/a><a itemprop=\"url\" href=\"https:\/\/contemporaneaeventi.com\/es\/stands\/stands-bolonia\/\" target=\"_self\" style=\"text-transform: uppercase\" class=\"edgtf-btn edgtf-btn-medium edgtf-btn-solid edgtf-btn-icon\" data-move=\"strict\" data-text=\"Bolonia\" >\n    <span class=\"edgtf-btn-text\">Bolonia<\/span>\n    <i class=\"edgtf-icon-font-awesome fa fa-map-marker-alt \" ><\/i><\/a><a itemprop=\"url\" href=\"https:\/\/contemporaneaeventi.com\/es\/stands\/stands-frankfurt\/\" target=\"_self\" style=\"text-transform: uppercase\" class=\"edgtf-btn edgtf-btn-medium edgtf-btn-solid edgtf-btn-icon\" data-move=\"strict\" data-text=\"Fr\u00e1ncfort\" >\n    <span class=\"edgtf-btn-text\">Fr\u00e1ncfort<\/span>\n    <i class=\"edgtf-icon-font-awesome fa fa-map-marker-alt \" ><\/i><\/a><a itemprop=\"url\" href=\"https:\/\/contemporaneaeventi.com\/es\/stands\/stands-marsella\/\" target=\"_self\" style=\"text-transform: uppercase\" class=\"edgtf-btn edgtf-btn-medium edgtf-btn-solid edgtf-btn-icon\" data-move=\"strict\" data-text=\"Marsella\" >\n    <span class=\"edgtf-btn-text\">Marsella<\/span>\n    <i class=\"edgtf-icon-font-awesome fa fa-map-marker-alt \" ><\/i><\/a>[\/vc_column][vc_column width=\u00bb1\/6&#8243;]<a itemprop=\"url\" href=\"https:\/\/contemporaneaeventi.com\/es\/stands\/stands-oporto\/\" target=\"_self\" style=\"text-transform: uppercase\" class=\"edgtf-btn edgtf-btn-medium edgtf-btn-solid edgtf-btn-icon\" data-move=\"strict\" data-text=\"Oporto\" >\n    <span class=\"edgtf-btn-text\">Oporto<\/span>\n    <i class=\"edgtf-icon-font-awesome fa fa-map-marker-alt \" ><\/i><\/a><a itemprop=\"url\" href=\"https:\/\/contemporaneaeventi.com\/es\/stands\/stands-tours\/\" target=\"_self\" style=\"text-transform: uppercase\" class=\"edgtf-btn edgtf-btn-medium edgtf-btn-solid edgtf-btn-icon\" data-move=\"strict\" data-text=\"Tours\" >\n    <span class=\"edgtf-btn-text\">Tours<\/span>\n    <i class=\"edgtf-icon-font-awesome fa fa-map-marker-alt \" ><\/i><\/a><a itemprop=\"url\" href=\"https:\/\/contemporaneaeventi.com\/es\/stands\/stands-viena\/\" target=\"_self\" style=\"text-transform: uppercase\" class=\"edgtf-btn edgtf-btn-medium edgtf-btn-solid edgtf-btn-icon\" data-move=\"strict\" data-text=\"Viena\" >\n    <span class=\"edgtf-btn-text\">Viena<\/span>\n    <i class=\"edgtf-icon-font-awesome fa fa-map-marker-alt \" ><\/i><\/a><a itemprop=\"url\" href=\"https:\/\/contemporaneaeventi.com\/es\/stands\/stands-paris\/\" target=\"_self\" style=\"text-transform: uppercase\" class=\"edgtf-btn edgtf-btn-medium edgtf-btn-solid edgtf-btn-icon\" data-move=\"strict\" data-text=\"Par\u00eds\" >\n    <span class=\"edgtf-btn-text\">Par\u00eds<\/span>\n    <i class=\"edgtf-icon-font-awesome fa fa-map-marker-alt \" ><\/i><\/a>[\/vc_column][vc_column width=\u00bb1\/6&#8243;]<a itemprop=\"url\" href=\"https:\/\/contemporaneaeventi.com\/es\/stands\/stands-milan\/\" target=\"_self\" style=\"text-transform: uppercase\" class=\"edgtf-btn edgtf-btn-medium edgtf-btn-solid edgtf-btn-icon\" data-move=\"strict\" data-text=\"Milan\" >\n    <span class=\"edgtf-btn-text\">Milan<\/span>\n    <i class=\"edgtf-icon-font-awesome fa fa-map-marker-alt \" ><\/i><\/a><a itemprop=\"url\" href=\"https:\/\/contemporaneaeventi.com\/es\/stands\/stands-ginebra\/\" target=\"_self\" style=\"text-transform: uppercase\" class=\"edgtf-btn edgtf-btn-medium edgtf-btn-solid edgtf-btn-icon\" data-move=\"strict\" data-text=\"Ginebra\" >\n    <span class=\"edgtf-btn-text\">Ginebra<\/span>\n    <i class=\"edgtf-icon-font-awesome fa fa-map-marker-alt \" ><\/i><\/a><a itemprop=\"url\" href=\"https:\/\/contemporaneaeventi.com\/es\/stands\/stand-bruselas\/\" target=\"_self\" style=\"text-transform: uppercase\" class=\"edgtf-btn edgtf-btn-medium edgtf-btn-solid edgtf-btn-icon\" data-move=\"strict\" data-text=\"Bruselas\" >\n    <span class=\"edgtf-btn-text\">Bruselas<\/span>\n    <i class=\"edgtf-icon-font-awesome fa fa-map-marker-alt \" ><\/i><\/a><a itemprop=\"url\" href=\"https:\/\/contemporaneaeventi.com\/es\/stands\/stands-amsterdam\/\" target=\"_self\" style=\"text-transform: uppercase\" class=\"edgtf-btn edgtf-btn-medium edgtf-btn-solid edgtf-btn-icon\" data-move=\"strict\" data-text=\"\u00c1msterdam\" >\n    <span class=\"edgtf-btn-text\">\u00c1msterdam<\/span>\n    <i class=\"edgtf-icon-font-awesome fa fa-map-marker-alt \" ><\/i><\/a>[\/vc_column][\/vc_row]<\/p>\n","protected":false},"excerpt":{"rendered":"<p>[vc_row][vc_column][vc_column_text] STAND BERLIN: DISE\u00d1O Y CONSTRUCCI\u00d3N [\/vc_column_text][vc_empty_space][\/vc_column][\/vc_row][vc_row][vc_column][vc_column_text] \u00bfPor qu\u00e9 necesitas un stand en Berl\u00edn y por qu\u00e9 tu empresa necesita participar en distintos eventos y ferias de la ciudad? \u00a1Te damos algunas razones! Berl\u00edn es la ciudad m\u00e1s habitada de [&hellip;]<\/p>\n","protected":false},"author":1,"featured_media":0,"parent":41466,"menu_order":0,"comment_status":"closed","ping_status":"closed","template":"","meta":{"inline_featured_image":false,"footnotes":""},"class_list":["post-41537","page","type-page","status-publish","hentry"],"yoast_head":"<!-- This site is optimized with the Yoast SEO plugin v27.4 - https:\/\/yoast.com\/product\/yoast-seo-wordpress\/ -->\n<title>Stands Berl\u00edn - Montaje y dise\u00f1o de stands en Berl\u00edn<\/title>\n<meta name=\"description\" content=\"Montaje y dise\u00f1o de stands en Berl\u00edn. Stands para feria Berl\u00edn. Presentaciones, ferias y congresos en Berl\u00edn con stands de dise\u00f1o Contemporanea Eventi\" \/>\n<meta name=\"robots\" content=\"index, follow, max-snippet:-1, max-image-preview:large, max-video-preview:-1\" \/>\n<link rel=\"canonical\" href=\"https:\/\/contemporaneaeventi.com\/es\/stands\/berlin\/\" \/>\n<meta property=\"og:locale\" content=\"es_ES\" \/>\n<meta property=\"og:type\" content=\"article\" \/>\n<meta property=\"og:title\" content=\"Stands Berl\u00edn - Montaje y dise\u00f1o de stands en Berl\u00edn\" \/>\n<meta property=\"og:description\" content=\"Montaje y dise\u00f1o de stands en Berl\u00edn. Stands para feria Berl\u00edn. Presentaciones, ferias y congresos en Berl\u00edn con stands de dise\u00f1o Contemporanea Eventi\" \/>\n<meta property=\"og:url\" content=\"https:\/\/contemporaneaeventi.com\/es\/stands\/berlin\/\" \/>\n<meta property=\"og:site_name\" content=\"Contemporanea Eventi\" \/>\n<meta property=\"article:modified_time\" content=\"2026-04-07T07:13:09+00:00\" \/>\n<meta property=\"og:image\" content=\"https:\/\/contemporaneaeventi.com\/wp-content\/uploads\/2023\/08\/cropped-favicon.png\" \/>\n\t<meta property=\"og:image:width\" content=\"512\" \/>\n\t<meta property=\"og:image:height\" content=\"512\" \/>\n\t<meta property=\"og:image:type\" content=\"image\/png\" \/>\n<meta name=\"twitter:card\" content=\"summary_large_image\" \/>\n<meta name=\"twitter:label1\" content=\"Tiempo de lectura\" \/>\n\t<meta name=\"twitter:data1\" content=\"5 minutos\" \/>\n<script type=\"application\/ld+json\" class=\"yoast-schema-graph\">{\"@context\":\"https:\\\/\\\/schema.org\",\"@graph\":[{\"@type\":\"WebPage\",\"@id\":\"https:\\\/\\\/contemporaneaeventi.com\\\/es\\\/stands\\\/berlin\\\/\",\"url\":\"https:\\\/\\\/contemporaneaeventi.com\\\/es\\\/stands\\\/berlin\\\/\",\"name\":\"Stands Berl\u00edn - Montaje y dise\u00f1o de stands en Berl\u00edn\",\"isPartOf\":{\"@id\":\"https:\\\/\\\/www.contemporaneaeventi.com\\\/es\\\/#website\"},\"datePublished\":\"2022-11-09T12:17:42+00:00\",\"dateModified\":\"2026-04-07T07:13:09+00:00\",\"description\":\"Montaje y dise\u00f1o de stands en Berl\u00edn. Stands para feria Berl\u00edn. Presentaciones, ferias y congresos en Berl\u00edn con stands de dise\u00f1o Contemporanea Eventi\",\"breadcrumb\":{\"@id\":\"https:\\\/\\\/contemporaneaeventi.com\\\/es\\\/stands\\\/berlin\\\/#breadcrumb\"},\"inLanguage\":\"es\",\"potentialAction\":[{\"@type\":\"ReadAction\",\"target\":[\"https:\\\/\\\/contemporaneaeventi.com\\\/es\\\/stands\\\/berlin\\\/\"]}]},{\"@type\":\"BreadcrumbList\",\"@id\":\"https:\\\/\\\/contemporaneaeventi.com\\\/es\\\/stands\\\/berlin\\\/#breadcrumb\",\"itemListElement\":[{\"@type\":\"ListItem\",\"position\":1,\"name\":\"Portada\",\"item\":\"https:\\\/\\\/contemporaneaeventi.com\\\/es\\\/\"},{\"@type\":\"ListItem\",\"position\":2,\"name\":\"QUE?\",\"item\":\"https:\\\/\\\/contemporaneaeventi.com\\\/es\\\/stands\\\/\"},{\"@type\":\"ListItem\",\"position\":3,\"name\":\"Stands Berl\u00edn\"}]},{\"@type\":\"WebSite\",\"@id\":\"https:\\\/\\\/www.contemporaneaeventi.com\\\/es\\\/#website\",\"url\":\"https:\\\/\\\/www.contemporaneaeventi.com\\\/es\\\/\",\"name\":\"Contemporanea Eventi\",\"description\":\"Contemporanea Eventi - WE \u2764 STANDS\",\"publisher\":{\"@id\":\"https:\\\/\\\/www.contemporaneaeventi.com\\\/es\\\/#organization\"},\"potentialAction\":[{\"@type\":\"SearchAction\",\"target\":{\"@type\":\"EntryPoint\",\"urlTemplate\":\"https:\\\/\\\/www.contemporaneaeventi.com\\\/es\\\/?s={search_term_string}\"},\"query-input\":{\"@type\":\"PropertyValueSpecification\",\"valueRequired\":true,\"valueName\":\"search_term_string\"}}],\"inLanguage\":\"es\"},{\"@type\":\"Organization\",\"@id\":\"https:\\\/\\\/www.contemporaneaeventi.com\\\/es\\\/#organization\",\"name\":\"Contemporanea Eventi\",\"alternateName\":\"Contemporanea Eventi\",\"url\":\"https:\\\/\\\/www.contemporaneaeventi.com\\\/es\\\/\",\"logo\":{\"@type\":\"ImageObject\",\"inLanguage\":\"es\",\"@id\":\"https:\\\/\\\/www.contemporaneaeventi.com\\\/es\\\/#\\\/schema\\\/logo\\\/image\\\/\",\"url\":\"https:\\\/\\\/contemporaneaeventi.com\\\/wp-content\\\/uploads\\\/2023\\\/05\\\/07-home.jpg\",\"contentUrl\":\"https:\\\/\\\/contemporaneaeventi.com\\\/wp-content\\\/uploads\\\/2023\\\/05\\\/07-home.jpg\",\"width\":900,\"height\":900,\"caption\":\"Contemporanea Eventi\"},\"image\":{\"@id\":\"https:\\\/\\\/www.contemporaneaeventi.com\\\/es\\\/#\\\/schema\\\/logo\\\/image\\\/\"}}]}<\/script>\n<!-- \/ Yoast SEO plugin. -->","yoast_head_json":{"title":"Stands Berl\u00edn - Montaje y dise\u00f1o de stands en Berl\u00edn","description":"Montaje y dise\u00f1o de stands en Berl\u00edn. Stands para feria Berl\u00edn. Presentaciones, ferias y congresos en Berl\u00edn con stands de dise\u00f1o Contemporanea Eventi","robots":{"index":"index","follow":"follow","max-snippet":"max-snippet:-1","max-image-preview":"max-image-preview:large","max-video-preview":"max-video-preview:-1"},"canonical":"https:\/\/contemporaneaeventi.com\/es\/stands\/berlin\/","og_locale":"es_ES","og_type":"article","og_title":"Stands Berl\u00edn - Montaje y dise\u00f1o de stands en Berl\u00edn","og_description":"Montaje y dise\u00f1o de stands en Berl\u00edn. Stands para feria Berl\u00edn. Presentaciones, ferias y congresos en Berl\u00edn con stands de dise\u00f1o Contemporanea Eventi","og_url":"https:\/\/contemporaneaeventi.com\/es\/stands\/berlin\/","og_site_name":"Contemporanea Eventi","article_modified_time":"2026-04-07T07:13:09+00:00","og_image":[{"width":512,"height":512,"url":"https:\/\/contemporaneaeventi.com\/wp-content\/uploads\/2023\/08\/cropped-favicon.png","type":"image\/png"}],"twitter_card":"summary_large_image","twitter_misc":{"Tiempo de lectura":"5 minutos"},"schema":{"@context":"https:\/\/schema.org","@graph":[{"@type":"WebPage","@id":"https:\/\/contemporaneaeventi.com\/es\/stands\/berlin\/","url":"https:\/\/contemporaneaeventi.com\/es\/stands\/berlin\/","name":"Stands Berl\u00edn - Montaje y dise\u00f1o de stands en Berl\u00edn","isPartOf":{"@id":"https:\/\/www.contemporaneaeventi.com\/es\/#website"},"datePublished":"2022-11-09T12:17:42+00:00","dateModified":"2026-04-07T07:13:09+00:00","description":"Montaje y dise\u00f1o de stands en Berl\u00edn. Stands para feria Berl\u00edn. Presentaciones, ferias y congresos en Berl\u00edn con stands de dise\u00f1o Contemporanea Eventi","breadcrumb":{"@id":"https:\/\/contemporaneaeventi.com\/es\/stands\/berlin\/#breadcrumb"},"inLanguage":"es","potentialAction":[{"@type":"ReadAction","target":["https:\/\/contemporaneaeventi.com\/es\/stands\/berlin\/"]}]},{"@type":"BreadcrumbList","@id":"https:\/\/contemporaneaeventi.com\/es\/stands\/berlin\/#breadcrumb","itemListElement":[{"@type":"ListItem","position":1,"name":"Portada","item":"https:\/\/contemporaneaeventi.com\/es\/"},{"@type":"ListItem","position":2,"name":"QUE?","item":"https:\/\/contemporaneaeventi.com\/es\/stands\/"},{"@type":"ListItem","position":3,"name":"Stands Berl\u00edn"}]},{"@type":"WebSite","@id":"https:\/\/www.contemporaneaeventi.com\/es\/#website","url":"https:\/\/www.contemporaneaeventi.com\/es\/","name":"Contemporanea Eventi","description":"Contemporanea Eventi - WE \u2764 STANDS","publisher":{"@id":"https:\/\/www.contemporaneaeventi.com\/es\/#organization"},"potentialAction":[{"@type":"SearchAction","target":{"@type":"EntryPoint","urlTemplate":"https:\/\/www.contemporaneaeventi.com\/es\/?s={search_term_string}"},"query-input":{"@type":"PropertyValueSpecification","valueRequired":true,"valueName":"search_term_string"}}],"inLanguage":"es"},{"@type":"Organization","@id":"https:\/\/www.contemporaneaeventi.com\/es\/#organization","name":"Contemporanea Eventi","alternateName":"Contemporanea Eventi","url":"https:\/\/www.contemporaneaeventi.com\/es\/","logo":{"@type":"ImageObject","inLanguage":"es","@id":"https:\/\/www.contemporaneaeventi.com\/es\/#\/schema\/logo\/image\/","url":"https:\/\/contemporaneaeventi.com\/wp-content\/uploads\/2023\/05\/07-home.jpg","contentUrl":"https:\/\/contemporaneaeventi.com\/wp-content\/uploads\/2023\/05\/07-home.jpg","width":900,"height":900,"caption":"Contemporanea Eventi"},"image":{"@id":"https:\/\/www.contemporaneaeventi.com\/es\/#\/schema\/logo\/image\/"}}]}},"_links":{"self":[{"href":"https:\/\/contemporaneaeventi.com\/es\/wp-json\/wp\/v2\/pages\/41537","targetHints":{"allow":["GET"]}}],"collection":[{"href":"https:\/\/contemporaneaeventi.com\/es\/wp-json\/wp\/v2\/pages"}],"about":[{"href":"https:\/\/contemporaneaeventi.com\/es\/wp-json\/wp\/v2\/types\/page"}],"author":[{"embeddable":true,"href":"https:\/\/contemporaneaeventi.com\/es\/wp-json\/wp\/v2\/users\/1"}],"replies":[{"embeddable":true,"href":"https:\/\/contemporaneaeventi.com\/es\/wp-json\/wp\/v2\/comments?post=41537"}],"version-history":[{"count":26,"href":"https:\/\/contemporaneaeventi.com\/es\/wp-json\/wp\/v2\/pages\/41537\/revisions"}],"predecessor-version":[{"id":47925,"href":"https:\/\/contemporaneaeventi.com\/es\/wp-json\/wp\/v2\/pages\/41537\/revisions\/47925"}],"up":[{"embeddable":true,"href":"https:\/\/contemporaneaeventi.com\/es\/wp-json\/wp\/v2\/pages\/41466"}],"wp:attachment":[{"href":"https:\/\/contemporaneaeventi.com\/es\/wp-json\/wp\/v2\/media?parent=41537"}],"curies":[{"name":"wp","href":"https:\/\/api.w.org\/{rel}","templated":true}]}}